{"id":631,"date":"2018-07-12T15:34:54","date_gmt":"2018-07-12T13:34:54","guid":{"rendered":"http:\/\/andale.info\/hilber2018\/aktuelles-aus-kuens-bei-meran\/"},"modified":"2023-06-08T16:19:05","modified_gmt":"2023-06-08T14:19:05","slug":"attualita-di-caines-presso-merano","status":"publish","type":"page","link":"https:\/\/www.hilberkeller.eu\/it\/attualita-di-caines-presso-merano\/","title":{"rendered":"Attualita di Caines presso Merano"},"content":{"rendered":"\n<style type=\"text\/css\" data-created_by=\"avia_inline_auto\" id=\"style-css-av-jk0xtv9q-29b37a74dbd82cdf48bd038069f83b35\">\n#top .av-special-heading.av-jk0xtv9q-29b37a74dbd82cdf48bd038069f83b35{\npadding-bottom:10px;\n}\nbody .av-special-heading.av-jk0xtv9q-29b37a74dbd82cdf48bd038069f83b35 .av-special-heading-tag .heading-char{\nfont-size:25px;\n}\n.av-special-heading.av-jk0xtv9q-29b37a74dbd82cdf48bd038069f83b35 .av-subheading{\nfont-size:15px;\n}\n<\/style>\n<div  class='av-special-heading av-jk0xtv9q-29b37a74dbd82cdf48bd038069f83b35 av-special-heading-h2  avia-builder-el-0  el_before_av_blog  avia-builder-el-first  av-desktop-hide av-medium-hide av-small-hide av-mini-hide'><h2 class='av-special-heading-tag '  itemprop=\"headline\"  >Attualit\u00e0 di Caines presso Merano<\/h2><div class=\"special-heading-border\"><div class=\"special-heading-inner-border\"><\/div><\/div><\/div>\n<div  data-slideshow-options=\"{&quot;animation&quot;:&quot;fade&quot;,&quot;autoplay&quot;:false,&quot;loop_autoplay&quot;:&quot;once&quot;,&quot;interval&quot;:5,&quot;loop_manual&quot;:&quot;manual-endless&quot;,&quot;autoplay_stopper&quot;:false,&quot;noNavigation&quot;:false,&quot;show_slide_delay&quot;:90}\" class='avia-content-slider avia-content-grid-active avia-content-slider1 avia-content-slider-odd  avia-builder-el-1  el_after_av_heading  avia-builder-el-last  av-slideshow-ui av-control-default   av-no-slider-navigation av-slideshow-manual av-loop-once av-loop-manual-endless '  itemscope=\"itemscope\" itemtype=\"https:\/\/schema.org\/Blog\" ><div class=\"avia-content-slider-inner\"><div class=\"slide-entry-wrap\"><article class='slide-entry flex_column  post-entry post-entry-2910 slide-entry-overview slide-loop-1 slide-parity-odd  av_one_third first real-thumbnail posttype-post post-format-standard'  itemscope=\"itemscope\" itemtype=\"https:\/\/schema.org\/CreativeWork\" ><a href='https:\/\/www.hilberkeller.eu\/it\/7-vespa-raduno-allhilberkeller-a-caines-sabato-01-giugno-2024\/' data-rel='slide-1' class='slide-image' title='7\u00b0 Vespa Raduno all`Hilberkeller a Caines \u2013 Sabato 01 giugno 2024'><img decoding=\"async\" fetchpriority=\"high\" width=\"495\" height=\"400\" src=\"https:\/\/www.hilberkeller.eu\/wp-content\/uploads\/2022\/05\/Vespatreffen-Hilberkeller-in-Kuens-bei-Meran-495x400.jpg\" class=\"wp-image-2189 avia-img-lazy-loading-not-2189 attachment-portfolio size-portfolio wp-post-image\" alt=\"\" \/><\/a><div class=\"slide-content\"><header class=\"entry-content-header\" aria-label=\"Diapositiva: 7\u00b0 Vespa Raduno all`Hilberkeller a Caines \u2013 Sabato 01 giugno 2024\"><h3 class='slide-entry-title entry-title '  itemprop=\"headline\" ><a href='https:\/\/www.hilberkeller.eu\/it\/7-vespa-raduno-allhilberkeller-a-caines-sabato-01-giugno-2024\/' title='7\u00b0 Vespa Raduno all`Hilberkeller a Caines \u2013 Sabato 01 giugno 2024'>7\u00b0 Vespa Raduno all`Hilberkeller a Caines \u2013 Sabato 01 giugno 2024<\/a><\/h3><span class=\"av-vertical-delimiter\"><\/span><\/header><div class=\"slide-meta\"><time class='slide-meta-time updated'  itemprop=\"datePublished\" datetime=\"2024-04-20T12:38:21+02:00\" >20 Aprile 2024<\/time><\/div><div class='slide-entry-excerpt entry-content'  itemprop=\"text\" >Settima edizione del Vespa Raduno al ristorante Hilberkeller\u2026<div class=\"read-more-link\"><a href=\"https:\/\/www.hilberkeller.eu\/it\/7-vespa-raduno-allhilberkeller-a-caines-sabato-01-giugno-2024\/\" class=\"more-link\">Continua a leggere<span class='more-link-arrow avia-svg-icon avia-font-svg_entypo-fontello' data-av_svg_icon='right-open-big' data-av_iconset='svg_entypo-fontello'><svg version=\"1.1\" xmlns=\"http:\/\/www.w3.org\/2000\/svg\" width=\"15\" height=\"32\" viewBox=\"0 0 15 32\" preserveAspectRatio=\"xMidYMid meet\" role=\"graphics-symbol\" aria-hidden=\"true\">\n<path d=\"M0.416 27.84l11.456-11.84-11.456-11.904q-0.832-0.832 0-1.536 0.832-0.832 1.536 0l12.544 12.608q0.768 0.832 0 1.6l-12.544 12.608q-0.704 0.832-1.536 0-0.832-0.704 0-1.536z\"><\/path>\n<\/svg><\/span><\/a><\/div><\/div><\/div><footer class=\"entry-footer\"><\/footer><span class='hidden'>\n\t\t\t\t<span class='av-structured-data'  itemprop=\"image\" itemscope=\"itemscope\" itemtype=\"https:\/\/schema.org\/ImageObject\" >\n\t\t\t\t\t\t<span itemprop='url'>https:\/\/www.hilberkeller.eu\/wp-content\/uploads\/2022\/05\/Vespatreffen-Hilberkeller-in-Kuens-bei-Meran.jpg<\/span>\n\t\t\t\t\t\t<span itemprop='height'>630<\/span>\n\t\t\t\t\t\t<span itemprop='width'>948<\/span>\n\t\t\t\t<\/span>\n\t\t\t\t<span class='av-structured-data'  itemprop=\"publisher\" itemtype=\"https:\/\/schema.org\/Organization\" itemscope=\"itemscope\" >\n\t\t\t\t\t\t<span itemprop='name'>Andreas Platter<\/span>\n\t\t\t\t\t\t<span itemprop='logo' itemscope itemtype='https:\/\/schema.org\/ImageObject'>\n\t\t\t\t\t\t\t<span itemprop='url'>https:\/\/www.hilberkeller.eu\/wp-content\/uploads\/2018\/07\/hilberkeller_logo-home.png<\/span>\n\t\t\t\t\t\t<\/span>\n\t\t\t\t<\/span><span class='av-structured-data'  itemprop=\"author\" itemscope=\"itemscope\" itemtype=\"https:\/\/schema.org\/Person\" ><span itemprop='name'>Andreas Platter<\/span><\/span><span class='av-structured-data'  itemprop=\"datePublished\" datetime=\"2018-07-12T15:34:54+02:00\" >2024-04-20 12:38:21<\/span><span class='av-structured-data'  itemprop=\"dateModified\" itemtype=\"https:\/\/schema.org\/dateModified\" >2024-05-18 11:48:51<\/span><span class='av-structured-data'  itemprop=\"mainEntityOfPage\" itemtype=\"https:\/\/schema.org\/mainEntityOfPage\" ><span itemprop='name'>7\u00b0 Vespa Raduno all`Hilberkeller a Caines \u2013 Sabato 01 giugno 2024<\/span><\/span><\/span><\/article><article class='slide-entry flex_column  post-entry post-entry-1989 slide-entry-overview slide-loop-2 slide-parity-even  av_one_third  real-thumbnail posttype-post post-format-standard'  itemscope=\"itemscope\" itemtype=\"https:\/\/schema.org\/CreativeWork\" ><a href='https:\/\/www.hilberkeller.eu\/it\/premio-travellers-choice-award-2022\/' data-rel='slide-1' class='slide-image' title='Premio Travellers\u2019 Choice Award 2022'><img decoding=\"async\" fetchpriority=\"high\" width=\"495\" height=\"400\" src=\"https:\/\/www.hilberkeller.eu\/wp-content\/uploads\/2022\/10\/hilberkeller_tripadvisor-Animation_TC_2022-495x400.gif\" class=\"wp-image-2410 avia-img-lazy-loading-not-2410 attachment-portfolio size-portfolio wp-post-image\" alt=\"\" \/><\/a><div class=\"slide-content\"><header class=\"entry-content-header\" aria-label=\"Diapositiva: Premio Travellers\u2019 Choice Award 2022\"><h3 class='slide-entry-title entry-title '  itemprop=\"headline\" ><a href='https:\/\/www.hilberkeller.eu\/it\/premio-travellers-choice-award-2022\/' title='Premio Travellers\u2019 Choice Award 2022'>Premio Travellers\u2019 Choice Award 2022<\/a><\/h3><span class=\"av-vertical-delimiter\"><\/span><\/header><div class=\"slide-meta\"><time class='slide-meta-time updated'  itemprop=\"datePublished\" datetime=\"2022-10-04T14:37:33+02:00\" >4 Ottobre 2022<\/time><\/div><div class='slide-entry-excerpt entry-content'  itemprop=\"text\" >Il ristorante Hilberkeller a Caines presso Merano \u00e8 stato premiato\u2026<div class=\"read-more-link\"><a href=\"https:\/\/www.hilberkeller.eu\/it\/premio-travellers-choice-award-2022\/\" class=\"more-link\">Continua a leggere<span class='more-link-arrow avia-svg-icon avia-font-svg_entypo-fontello' data-av_svg_icon='right-open-big' data-av_iconset='svg_entypo-fontello'><svg version=\"1.1\" xmlns=\"http:\/\/www.w3.org\/2000\/svg\" width=\"15\" height=\"32\" viewBox=\"0 0 15 32\" preserveAspectRatio=\"xMidYMid meet\" role=\"graphics-symbol\" aria-hidden=\"true\">\n<path d=\"M0.416 27.84l11.456-11.84-11.456-11.904q-0.832-0.832 0-1.536 0.832-0.832 1.536 0l12.544 12.608q0.768 0.832 0 1.6l-12.544 12.608q-0.704 0.832-1.536 0-0.832-0.704 0-1.536z\"><\/path>\n<\/svg><\/span><\/a><\/div><\/div><\/div><footer class=\"entry-footer\"><\/footer><span class='hidden'>\n\t\t\t\t<span class='av-structured-data'  itemprop=\"image\" itemscope=\"itemscope\" itemtype=\"https:\/\/schema.org\/ImageObject\" >\n\t\t\t\t\t\t<span itemprop='url'>https:\/\/www.hilberkeller.eu\/wp-content\/uploads\/2022\/10\/hilberkeller_tripadvisor-Animation_TC_2022.gif<\/span>\n\t\t\t\t\t\t<span itemprop='height'>428<\/span>\n\t\t\t\t\t\t<span itemprop='width'>641<\/span>\n\t\t\t\t<\/span>\n\t\t\t\t<span class='av-structured-data'  itemprop=\"publisher\" itemtype=\"https:\/\/schema.org\/Organization\" itemscope=\"itemscope\" >\n\t\t\t\t\t\t<span itemprop='name'>Andreas Platter<\/span>\n\t\t\t\t\t\t<span itemprop='logo' itemscope itemtype='https:\/\/schema.org\/ImageObject'>\n\t\t\t\t\t\t\t<span itemprop='url'>https:\/\/www.hilberkeller.eu\/wp-content\/uploads\/2018\/07\/hilberkeller_logo-home.png<\/span>\n\t\t\t\t\t\t<\/span>\n\t\t\t\t<\/span><span class='av-structured-data'  itemprop=\"author\" itemscope=\"itemscope\" itemtype=\"https:\/\/schema.org\/Person\" ><span itemprop='name'>Andreas Platter<\/span><\/span><span class='av-structured-data'  itemprop=\"datePublished\" datetime=\"2018-07-12T15:34:54+02:00\" >2022-10-04 14:37:33<\/span><span class='av-structured-data'  itemprop=\"dateModified\" itemtype=\"https:\/\/schema.org\/dateModified\" >2022-10-04 15:35:02<\/span><span class='av-structured-data'  itemprop=\"mainEntityOfPage\" itemtype=\"https:\/\/schema.org\/mainEntityOfPage\" ><span itemprop='name'>Premio Travellers\u2019 Choice Award 2022<\/span><\/span><\/span><\/article><article class='slide-entry flex_column  post-entry post-entry-2177 slide-entry-overview slide-loop-3 slide-parity-odd  av_one_third  real-thumbnail posttype-post post-format-standard'  itemscope=\"itemscope\" itemtype=\"https:\/\/schema.org\/CreativeWork\" ><a href='https:\/\/www.hilberkeller.eu\/it\/vespa-raduno-al-ristorante-hilberkeller-giugno-2022\/' data-rel='slide-1' class='slide-image' title='Vespa raduno all`Hilberkeller a Caines &#8211; Sabato 11 giugno 2022'><img decoding=\"async\" fetchpriority=\"high\" width=\"495\" height=\"400\" src=\"https:\/\/www.hilberkeller.eu\/wp-content\/uploads\/2022\/05\/hilberkeller_5-vespatreffen-2022-495x400.jpg\" class=\"wp-image-2420 avia-img-lazy-loading-not-2420 attachment-portfolio size-portfolio wp-post-image\" alt=\"\" srcset=\"https:\/\/www.hilberkeller.eu\/wp-content\/uploads\/2022\/05\/hilberkeller_5-vespatreffen-2022-495x400.jpg 495w, https:\/\/www.hilberkeller.eu\/wp-content\/uploads\/2022\/05\/hilberkeller_5-vespatreffen-2022-845x684.jpg 845w\" sizes=\"(max-width: 495px) 100vw, 495px\" \/><\/a><div class=\"slide-content\"><header class=\"entry-content-header\" aria-label=\"Diapositiva: Vespa raduno all`Hilberkeller a Caines - Sabato 11 giugno 2022\"><h3 class='slide-entry-title entry-title '  itemprop=\"headline\" ><a href='https:\/\/www.hilberkeller.eu\/it\/vespa-raduno-al-ristorante-hilberkeller-giugno-2022\/' title='Vespa raduno all`Hilberkeller a Caines &#8211; Sabato 11 giugno 2022'>Vespa raduno all`Hilberkeller a Caines &#8211; Sabato 11 giugno 2022<\/a><\/h3><span class=\"av-vertical-delimiter\"><\/span><\/header><div class=\"slide-meta\"><time class='slide-meta-time updated'  itemprop=\"datePublished\" datetime=\"2022-05-07T11:29:24+02:00\" >7 Maggio 2022<\/time><\/div><div class='slide-entry-excerpt entry-content'  itemprop=\"text\" >Quinta edizione del Vespa raduno al ristorante Hilberkeller a\u2026<div class=\"read-more-link\"><a href=\"https:\/\/www.hilberkeller.eu\/it\/vespa-raduno-al-ristorante-hilberkeller-giugno-2022\/\" class=\"more-link\">Continua a leggere<span class='more-link-arrow avia-svg-icon avia-font-svg_entypo-fontello' data-av_svg_icon='right-open-big' data-av_iconset='svg_entypo-fontello'><svg version=\"1.1\" xmlns=\"http:\/\/www.w3.org\/2000\/svg\" width=\"15\" height=\"32\" viewBox=\"0 0 15 32\" preserveAspectRatio=\"xMidYMid meet\" role=\"graphics-symbol\" aria-hidden=\"true\">\n<path d=\"M0.416 27.84l11.456-11.84-11.456-11.904q-0.832-0.832 0-1.536 0.832-0.832 1.536 0l12.544 12.608q0.768 0.832 0 1.6l-12.544 12.608q-0.704 0.832-1.536 0-0.832-0.704 0-1.536z\"><\/path>\n<\/svg><\/span><\/a><\/div><\/div><\/div><footer class=\"entry-footer\"><\/footer><span class='hidden'>\n\t\t\t\t<span class='av-structured-data'  itemprop=\"image\" itemscope=\"itemscope\" itemtype=\"https:\/\/schema.org\/ImageObject\" >\n\t\t\t\t\t\t<span itemprop='url'>https:\/\/www.hilberkeller.eu\/wp-content\/uploads\/2022\/05\/hilberkeller_5-vespatreffen-2022.jpg<\/span>\n\t\t\t\t\t\t<span itemprop='height'>687<\/span>\n\t\t\t\t\t\t<span itemprop='width'>1030<\/span>\n\t\t\t\t<\/span>\n\t\t\t\t<span class='av-structured-data'  itemprop=\"publisher\" itemtype=\"https:\/\/schema.org\/Organization\" itemscope=\"itemscope\" >\n\t\t\t\t\t\t<span itemprop='name'>Andreas Platter<\/span>\n\t\t\t\t\t\t<span itemprop='logo' itemscope itemtype='https:\/\/schema.org\/ImageObject'>\n\t\t\t\t\t\t\t<span itemprop='url'>https:\/\/www.hilberkeller.eu\/wp-content\/uploads\/2018\/07\/hilberkeller_logo-home.png<\/span>\n\t\t\t\t\t\t<\/span>\n\t\t\t\t<\/span><span class='av-structured-data'  itemprop=\"author\" itemscope=\"itemscope\" itemtype=\"https:\/\/schema.org\/Person\" ><span itemprop='name'>Andreas Platter<\/span><\/span><span class='av-structured-data'  itemprop=\"datePublished\" datetime=\"2018-07-12T15:34:54+02:00\" >2022-05-07 11:29:24<\/span><span class='av-structured-data'  itemprop=\"dateModified\" itemtype=\"https:\/\/schema.org\/dateModified\" >2022-05-26 11:51:09<\/span><span class='av-structured-data'  itemprop=\"mainEntityOfPage\" itemtype=\"https:\/\/schema.org\/mainEntityOfPage\" ><span itemprop='name'>Vespa raduno all`Hilberkeller a Caines &#8211; Sabato 11 giugno 2022<\/span><\/span><\/span><\/article><\/div><div class=\"slide-entry-wrap\"><article class='slide-entry flex_column  post-entry post-entry-1944 slide-entry-overview slide-loop-4 slide-parity-odd  av_one_third first real-thumbnail posttype-post post-format-standard'  itemscope=\"itemscope\" itemtype=\"https:\/\/schema.org\/CreativeWork\" ><a href='https:\/\/www.hilberkeller.eu\/it\/zeit-fuer-pfifferlinge-im-hilberkeller\/' data-rel='slide-1' class='slide-image' title='\u00c8 tempo di finferli al ristorante Hilberkeller'><img decoding=\"async\" fetchpriority=\"high\" width=\"495\" height=\"400\" src=\"https:\/\/www.hilberkeller.eu\/wp-content\/uploads\/2021\/07\/Knoedel-mit-frischen-Pfifferlingen-im-Restaurant-Hilberkeller-2021-495x400.jpg\" class=\"wp-image-1934 avia-img-lazy-loading-not-1934 attachment-portfolio size-portfolio wp-post-image\" alt=\"\" srcset=\"https:\/\/www.hilberkeller.eu\/wp-content\/uploads\/2021\/07\/Knoedel-mit-frischen-Pfifferlingen-im-Restaurant-Hilberkeller-2021-495x400.jpg 495w, https:\/\/www.hilberkeller.eu\/wp-content\/uploads\/2021\/07\/Knoedel-mit-frischen-Pfifferlingen-im-Restaurant-Hilberkeller-2021-845x684.jpg 845w\" sizes=\"(max-width: 495px) 100vw, 495px\" \/><\/a><div class=\"slide-content\"><header class=\"entry-content-header\" aria-label=\"Diapositiva: \u00c8 tempo di finferli al ristorante Hilberkeller\"><h3 class='slide-entry-title entry-title '  itemprop=\"headline\" ><a href='https:\/\/www.hilberkeller.eu\/it\/zeit-fuer-pfifferlinge-im-hilberkeller\/' title='\u00c8 tempo di finferli al ristorante Hilberkeller'>\u00c8 tempo di finferli al ristorante Hilberkeller<\/a><\/h3><span class=\"av-vertical-delimiter\"><\/span><\/header><div class=\"slide-meta\"><time class='slide-meta-time updated'  itemprop=\"datePublished\" datetime=\"2021-07-28T14:45:59+02:00\" >28 Luglio 2021<\/time><\/div><div class='slide-entry-excerpt entry-content'  itemprop=\"text\" >Proponiamo una vasta scelta di piatti tipici con questi deliziosi\u2026<div class=\"read-more-link\"><a href=\"https:\/\/www.hilberkeller.eu\/it\/zeit-fuer-pfifferlinge-im-hilberkeller\/\" class=\"more-link\">Continua a leggere<span class='more-link-arrow avia-svg-icon avia-font-svg_entypo-fontello' data-av_svg_icon='right-open-big' data-av_iconset='svg_entypo-fontello'><svg version=\"1.1\" xmlns=\"http:\/\/www.w3.org\/2000\/svg\" width=\"15\" height=\"32\" viewBox=\"0 0 15 32\" preserveAspectRatio=\"xMidYMid meet\" role=\"graphics-symbol\" aria-hidden=\"true\">\n<path d=\"M0.416 27.84l11.456-11.84-11.456-11.904q-0.832-0.832 0-1.536 0.832-0.832 1.536 0l12.544 12.608q0.768 0.832 0 1.6l-12.544 12.608q-0.704 0.832-1.536 0-0.832-0.704 0-1.536z\"><\/path>\n<\/svg><\/span><\/a><\/div><\/div><\/div><footer class=\"entry-footer\"><\/footer><span class='hidden'>\n\t\t\t\t<span class='av-structured-data'  itemprop=\"image\" itemscope=\"itemscope\" itemtype=\"https:\/\/schema.org\/ImageObject\" >\n\t\t\t\t\t\t<span itemprop='url'>https:\/\/www.hilberkeller.eu\/wp-content\/uploads\/2021\/07\/Knoedel-mit-frischen-Pfifferlingen-im-Restaurant-Hilberkeller-2021.jpg<\/span>\n\t\t\t\t\t\t<span itemprop='height'>773<\/span>\n\t\t\t\t\t\t<span itemprop='width'>1030<\/span>\n\t\t\t\t<\/span>\n\t\t\t\t<span class='av-structured-data'  itemprop=\"publisher\" itemtype=\"https:\/\/schema.org\/Organization\" itemscope=\"itemscope\" >\n\t\t\t\t\t\t<span itemprop='name'>Andreas Platter<\/span>\n\t\t\t\t\t\t<span itemprop='logo' itemscope itemtype='https:\/\/schema.org\/ImageObject'>\n\t\t\t\t\t\t\t<span itemprop='url'>https:\/\/www.hilberkeller.eu\/wp-content\/uploads\/2018\/07\/hilberkeller_logo-home.png<\/span>\n\t\t\t\t\t\t<\/span>\n\t\t\t\t<\/span><span class='av-structured-data'  itemprop=\"author\" itemscope=\"itemscope\" itemtype=\"https:\/\/schema.org\/Person\" ><span itemprop='name'>Andreas Platter<\/span><\/span><span class='av-structured-data'  itemprop=\"datePublished\" datetime=\"2018-07-12T15:34:54+02:00\" >2021-07-28 14:45:59<\/span><span class='av-structured-data'  itemprop=\"dateModified\" itemtype=\"https:\/\/schema.org\/dateModified\" >2021-07-28 14:55:49<\/span><span class='av-structured-data'  itemprop=\"mainEntityOfPage\" itemtype=\"https:\/\/schema.org\/mainEntityOfPage\" ><span itemprop='name'>\u00c8 tempo di finferli al ristorante Hilberkeller<\/span><\/span><\/span><\/article><article class='slide-entry flex_column  post-entry post-entry-1645 slide-entry-overview slide-loop-5 slide-parity-even  av_one_third  real-thumbnail posttype-post post-format-standard'  itemscope=\"itemscope\" itemtype=\"https:\/\/schema.org\/CreativeWork\" ><a href='https:\/\/www.hilberkeller.eu\/it\/tempo-del-toerggelen-e-settimane-della-selvaggina-al-ristorante-hilberkeller\/' data-rel='slide-1' class='slide-image' title='Tempo del T\u00f6rggelen e settimane della selvaggina all`Hilberkeller'><img decoding=\"async\" fetchpriority=\"high\" width=\"495\" height=\"400\" src=\"https:\/\/www.hilberkeller.eu\/wp-content\/uploads\/2020\/10\/Schlachtteller-Hilberkeller-in-Kuens-bei-Meran-21-495x400.jpg\" class=\"wp-image-1639 avia-img-lazy-loading-not-1639 attachment-portfolio size-portfolio wp-post-image\" alt=\"\" srcset=\"https:\/\/www.hilberkeller.eu\/wp-content\/uploads\/2020\/10\/Schlachtteller-Hilberkeller-in-Kuens-bei-Meran-21-495x400.jpg 495w, https:\/\/www.hilberkeller.eu\/wp-content\/uploads\/2020\/10\/Schlachtteller-Hilberkeller-in-Kuens-bei-Meran-21-845x684.jpg 845w\" sizes=\"(max-width: 495px) 100vw, 495px\" \/><\/a><div class=\"slide-content\"><header class=\"entry-content-header\" aria-label=\"Diapositiva: Tempo del T\u00f6rggelen e settimane della selvaggina all`Hilberkeller\"><h3 class='slide-entry-title entry-title '  itemprop=\"headline\" ><a href='https:\/\/www.hilberkeller.eu\/it\/tempo-del-toerggelen-e-settimane-della-selvaggina-al-ristorante-hilberkeller\/' title='Tempo del T\u00f6rggelen e settimane della selvaggina all`Hilberkeller'>Tempo del T\u00f6rggelen e settimane della selvaggina all`Hilberkeller<\/a><\/h3><span class=\"av-vertical-delimiter\"><\/span><\/header><div class=\"slide-meta\"><time class='slide-meta-time updated'  itemprop=\"datePublished\" datetime=\"2020-10-03T11:12:35+02:00\" >3 Ottobre 2020<\/time><\/div><div class='slide-entry-excerpt entry-content'  itemprop=\"text\" >In Alto Adige, e quindi anche da noi al ristorante Hilberkeller\u2026<div class=\"read-more-link\"><a href=\"https:\/\/www.hilberkeller.eu\/it\/tempo-del-toerggelen-e-settimane-della-selvaggina-al-ristorante-hilberkeller\/\" class=\"more-link\">Continua a leggere<span class='more-link-arrow avia-svg-icon avia-font-svg_entypo-fontello' data-av_svg_icon='right-open-big' data-av_iconset='svg_entypo-fontello'><svg version=\"1.1\" xmlns=\"http:\/\/www.w3.org\/2000\/svg\" width=\"15\" height=\"32\" viewBox=\"0 0 15 32\" preserveAspectRatio=\"xMidYMid meet\" role=\"graphics-symbol\" aria-hidden=\"true\">\n<path d=\"M0.416 27.84l11.456-11.84-11.456-11.904q-0.832-0.832 0-1.536 0.832-0.832 1.536 0l12.544 12.608q0.768 0.832 0 1.6l-12.544 12.608q-0.704 0.832-1.536 0-0.832-0.704 0-1.536z\"><\/path>\n<\/svg><\/span><\/a><\/div><\/div><\/div><footer class=\"entry-footer\"><\/footer><span class='hidden'>\n\t\t\t\t<span class='av-structured-data'  itemprop=\"image\" itemscope=\"itemscope\" itemtype=\"https:\/\/schema.org\/ImageObject\" >\n\t\t\t\t\t\t<span itemprop='url'>https:\/\/www.hilberkeller.eu\/wp-content\/uploads\/2020\/10\/Schlachtteller-Hilberkeller-in-Kuens-bei-Meran-21.jpg<\/span>\n\t\t\t\t\t\t<span itemprop='height'>773<\/span>\n\t\t\t\t\t\t<span itemprop='width'>1030<\/span>\n\t\t\t\t<\/span>\n\t\t\t\t<span class='av-structured-data'  itemprop=\"publisher\" itemtype=\"https:\/\/schema.org\/Organization\" itemscope=\"itemscope\" >\n\t\t\t\t\t\t<span itemprop='name'>Andreas Platter<\/span>\n\t\t\t\t\t\t<span itemprop='logo' itemscope itemtype='https:\/\/schema.org\/ImageObject'>\n\t\t\t\t\t\t\t<span itemprop='url'>https:\/\/www.hilberkeller.eu\/wp-content\/uploads\/2018\/07\/hilberkeller_logo-home.png<\/span>\n\t\t\t\t\t\t<\/span>\n\t\t\t\t<\/span><span class='av-structured-data'  itemprop=\"author\" itemscope=\"itemscope\" itemtype=\"https:\/\/schema.org\/Person\" ><span itemprop='name'>Andreas Platter<\/span><\/span><span class='av-structured-data'  itemprop=\"datePublished\" datetime=\"2018-07-12T15:34:54+02:00\" >2020-10-03 11:12:35<\/span><span class='av-structured-data'  itemprop=\"dateModified\" itemtype=\"https:\/\/schema.org\/dateModified\" >2020-10-03 11:27:52<\/span><span class='av-structured-data'  itemprop=\"mainEntityOfPage\" itemtype=\"https:\/\/schema.org\/mainEntityOfPage\" ><span itemprop='name'>Tempo del T\u00f6rggelen e settimane della selvaggina all`Hilberkeller<\/span><\/span><\/span><\/article><article class='slide-entry flex_column  post-entry post-entry-1554 slide-entry-overview slide-loop-6 slide-parity-odd  av_one_third  real-thumbnail posttype-post post-format-standard'  itemscope=\"itemscope\" itemtype=\"https:\/\/schema.org\/CreativeWork\" ><a href='https:\/\/www.hilberkeller.eu\/it\/riconoscimento-per-hilberkeller-travellers-choice-award-2020\/' data-rel='slide-1' class='slide-image' title='Riconoscimento per Hilberkeller &#8211; Travellers&#8217; Choice Award 2020'><img decoding=\"async\" fetchpriority=\"high\" width=\"495\" height=\"400\" src=\"https:\/\/www.hilberkeller.eu\/wp-content\/uploads\/2020\/08\/E3E914E8-96A0-4C64-BFB9-AB5B0D5D39A0-495x400.png\" class=\"wp-image-1552 avia-img-lazy-loading-not-1552 attachment-portfolio size-portfolio wp-post-image\" alt=\"\" \/><\/a><div class=\"slide-content\"><header class=\"entry-content-header\" aria-label=\"Diapositiva: Riconoscimento per Hilberkeller - Travellers&#039; Choice Award 2020\"><h3 class='slide-entry-title entry-title '  itemprop=\"headline\" ><a href='https:\/\/www.hilberkeller.eu\/it\/riconoscimento-per-hilberkeller-travellers-choice-award-2020\/' title='Riconoscimento per Hilberkeller &#8211; Travellers&#8217; Choice Award 2020'>Riconoscimento per Hilberkeller &#8211; Travellers&#8217; Choice Award 2020<\/a><\/h3><span class=\"av-vertical-delimiter\"><\/span><\/header><div class=\"slide-meta\"><time class='slide-meta-time updated'  itemprop=\"datePublished\" datetime=\"2020-08-07T09:29:32+02:00\" >7 Agosto 2020<\/time><\/div><div class='slide-entry-excerpt entry-content'  itemprop=\"text\" >Anche quest'anno, grazie alle recensioni positive dei nostri\u2026<div class=\"read-more-link\"><a href=\"https:\/\/www.hilberkeller.eu\/it\/riconoscimento-per-hilberkeller-travellers-choice-award-2020\/\" class=\"more-link\">Continua a leggere<span class='more-link-arrow avia-svg-icon avia-font-svg_entypo-fontello' data-av_svg_icon='right-open-big' data-av_iconset='svg_entypo-fontello'><svg version=\"1.1\" xmlns=\"http:\/\/www.w3.org\/2000\/svg\" width=\"15\" height=\"32\" viewBox=\"0 0 15 32\" preserveAspectRatio=\"xMidYMid meet\" role=\"graphics-symbol\" aria-hidden=\"true\">\n<path d=\"M0.416 27.84l11.456-11.84-11.456-11.904q-0.832-0.832 0-1.536 0.832-0.832 1.536 0l12.544 12.608q0.768 0.832 0 1.6l-12.544 12.608q-0.704 0.832-1.536 0-0.832-0.704 0-1.536z\"><\/path>\n<\/svg><\/span><\/a><\/div><\/div><\/div><footer class=\"entry-footer\"><\/footer><span class='hidden'>\n\t\t\t\t<span class='av-structured-data'  itemprop=\"image\" itemscope=\"itemscope\" itemtype=\"https:\/\/schema.org\/ImageObject\" >\n\t\t\t\t\t\t<span itemprop='url'>https:\/\/www.hilberkeller.eu\/wp-content\/uploads\/2020\/08\/E3E914E8-96A0-4C64-BFB9-AB5B0D5D39A0.png<\/span>\n\t\t\t\t\t\t<span itemprop='height'>900<\/span>\n\t\t\t\t\t\t<span itemprop='width'>766<\/span>\n\t\t\t\t<\/span>\n\t\t\t\t<span class='av-structured-data'  itemprop=\"publisher\" itemtype=\"https:\/\/schema.org\/Organization\" itemscope=\"itemscope\" >\n\t\t\t\t\t\t<span itemprop='name'>Andreas Platter<\/span>\n\t\t\t\t\t\t<span itemprop='logo' itemscope itemtype='https:\/\/schema.org\/ImageObject'>\n\t\t\t\t\t\t\t<span itemprop='url'>https:\/\/www.hilberkeller.eu\/wp-content\/uploads\/2018\/07\/hilberkeller_logo-home.png<\/span>\n\t\t\t\t\t\t<\/span>\n\t\t\t\t<\/span><span class='av-structured-data'  itemprop=\"author\" itemscope=\"itemscope\" itemtype=\"https:\/\/schema.org\/Person\" ><span itemprop='name'>Andreas Platter<\/span><\/span><span class='av-structured-data'  itemprop=\"datePublished\" datetime=\"2018-07-12T15:34:54+02:00\" >2020-08-07 09:29:32<\/span><span class='av-structured-data'  itemprop=\"dateModified\" itemtype=\"https:\/\/schema.org\/dateModified\" >2020-08-07 09:29:20<\/span><span class='av-structured-data'  itemprop=\"mainEntityOfPage\" itemtype=\"https:\/\/schema.org\/mainEntityOfPage\" ><span itemprop='name'>Riconoscimento per Hilberkeller &#8211; Travellers&#8217; Choice Award 2020<\/span><\/span><\/span><\/article><\/div><div class=\"slide-entry-wrap\"><article class='slide-entry flex_column  post-entry post-entry-1509 slide-entry-overview slide-loop-7 slide-parity-odd  av_one_third first real-thumbnail posttype-post post-format-standard'  itemscope=\"itemscope\" itemtype=\"https:\/\/schema.org\/CreativeWork\" ><a href='https:\/\/www.hilberkeller.eu\/it\/ogni-giovedi-giornata-dei-canederli\/' data-rel='slide-1' class='slide-image' title='Ogni gioved\u00ec: Giornata dei canederli'><img decoding=\"async\" fetchpriority=\"high\" width=\"495\" height=\"400\" src=\"https:\/\/www.hilberkeller.eu\/wp-content\/uploads\/2020\/06\/Kn\u00f6deltris-in-der-Supper-im-Restaurant-Hilberkeller-in-Kuens-bei-Meran-3-495x400.jpg\" class=\"wp-image-1493 avia-img-lazy-loading-not-1493 attachment-portfolio size-portfolio wp-post-image\" alt=\"\" srcset=\"https:\/\/www.hilberkeller.eu\/wp-content\/uploads\/2020\/06\/Kn\u00f6deltris-in-der-Supper-im-Restaurant-Hilberkeller-in-Kuens-bei-Meran-3-495x400.jpg 495w, https:\/\/www.hilberkeller.eu\/wp-content\/uploads\/2020\/06\/Kn\u00f6deltris-in-der-Supper-im-Restaurant-Hilberkeller-in-Kuens-bei-Meran-3-845x684.jpg 845w\" sizes=\"(max-width: 495px) 100vw, 495px\" \/><\/a><div class=\"slide-content\"><header class=\"entry-content-header\" aria-label=\"Diapositiva: Ogni gioved\u00ec: Giornata dei canederli\"><h3 class='slide-entry-title entry-title '  itemprop=\"headline\" ><a href='https:\/\/www.hilberkeller.eu\/it\/ogni-giovedi-giornata-dei-canederli\/' title='Ogni gioved\u00ec: Giornata dei canederli'>Ogni gioved\u00ec: Giornata dei canederli<\/a><\/h3><span class=\"av-vertical-delimiter\"><\/span><\/header><div class=\"slide-meta\"><time class='slide-meta-time updated'  itemprop=\"datePublished\" datetime=\"2020-06-16T17:53:46+02:00\" >16 Giugno 2020<\/time><\/div><div class='slide-entry-excerpt entry-content'  itemprop=\"text\" >\r\n\r\nNon c'\u00e8 quasi mai un menu altoatesino senza un piatto di\u2026<div class=\"read-more-link\"><a href=\"https:\/\/www.hilberkeller.eu\/it\/ogni-giovedi-giornata-dei-canederli\/\" class=\"more-link\">Continua a leggere<span class='more-link-arrow avia-svg-icon avia-font-svg_entypo-fontello' data-av_svg_icon='right-open-big' data-av_iconset='svg_entypo-fontello'><svg version=\"1.1\" xmlns=\"http:\/\/www.w3.org\/2000\/svg\" width=\"15\" height=\"32\" viewBox=\"0 0 15 32\" preserveAspectRatio=\"xMidYMid meet\" role=\"graphics-symbol\" aria-hidden=\"true\">\n<path d=\"M0.416 27.84l11.456-11.84-11.456-11.904q-0.832-0.832 0-1.536 0.832-0.832 1.536 0l12.544 12.608q0.768 0.832 0 1.6l-12.544 12.608q-0.704 0.832-1.536 0-0.832-0.704 0-1.536z\"><\/path>\n<\/svg><\/span><\/a><\/div><\/div><\/div><footer class=\"entry-footer\"><\/footer><span class='hidden'>\n\t\t\t\t<span class='av-structured-data'  itemprop=\"image\" itemscope=\"itemscope\" itemtype=\"https:\/\/schema.org\/ImageObject\" >\n\t\t\t\t\t\t<span itemprop='url'>https:\/\/www.hilberkeller.eu\/wp-content\/uploads\/2020\/06\/Kn\u00f6deltris-in-der-Supper-im-Restaurant-Hilberkeller-in-Kuens-bei-Meran-3.jpg<\/span>\n\t\t\t\t\t\t<span itemprop='height'>684<\/span>\n\t\t\t\t\t\t<span itemprop='width'>1030<\/span>\n\t\t\t\t<\/span>\n\t\t\t\t<span class='av-structured-data'  itemprop=\"publisher\" itemtype=\"https:\/\/schema.org\/Organization\" itemscope=\"itemscope\" >\n\t\t\t\t\t\t<span itemprop='name'>Andreas Platter<\/span>\n\t\t\t\t\t\t<span itemprop='logo' itemscope itemtype='https:\/\/schema.org\/ImageObject'>\n\t\t\t\t\t\t\t<span itemprop='url'>https:\/\/www.hilberkeller.eu\/wp-content\/uploads\/2018\/07\/hilberkeller_logo-home.png<\/span>\n\t\t\t\t\t\t<\/span>\n\t\t\t\t<\/span><span class='av-structured-data'  itemprop=\"author\" itemscope=\"itemscope\" itemtype=\"https:\/\/schema.org\/Person\" ><span itemprop='name'>Andreas Platter<\/span><\/span><span class='av-structured-data'  itemprop=\"datePublished\" datetime=\"2018-07-12T15:34:54+02:00\" >2020-06-16 17:53:46<\/span><span class='av-structured-data'  itemprop=\"dateModified\" itemtype=\"https:\/\/schema.org\/dateModified\" >2020-08-27 19:07:25<\/span><span class='av-structured-data'  itemprop=\"mainEntityOfPage\" itemtype=\"https:\/\/schema.org\/mainEntityOfPage\" ><span itemprop='name'>Ogni gioved\u00ec: Giornata dei canederli<\/span><\/span><\/span><\/article><article class='slide-entry flex_column  post-entry post-entry-1386 slide-entry-overview slide-loop-8 slide-parity-even  av_one_third  real-thumbnail posttype-post post-format-standard'  itemscope=\"itemscope\" itemtype=\"https:\/\/schema.org\/CreativeWork\" ><a href='https:\/\/www.hilberkeller.eu\/it\/das-hilberkeller-muttertag-2020\/' data-rel='slide-1' class='slide-image' title='Un menu speciale per la festa della mamma'><img decoding=\"async\" fetchpriority=\"high\" width=\"495\" height=\"400\" src=\"https:\/\/www.hilberkeller.eu\/wp-content\/uploads\/2020\/05\/Blumen-im-Hilberkeller-in-Kuens-bei-Meran-Muttertag-495x400.jpg\" class=\"wp-image-1393 avia-img-lazy-loading-not-1393 attachment-portfolio size-portfolio wp-post-image\" alt=\"\" srcset=\"https:\/\/www.hilberkeller.eu\/wp-content\/uploads\/2020\/05\/Blumen-im-Hilberkeller-in-Kuens-bei-Meran-Muttertag-495x400.jpg 495w, https:\/\/www.hilberkeller.eu\/wp-content\/uploads\/2020\/05\/Blumen-im-Hilberkeller-in-Kuens-bei-Meran-Muttertag-845x684.jpg 845w\" sizes=\"(max-width: 495px) 100vw, 495px\" \/><\/a><div class=\"slide-content\"><header class=\"entry-content-header\" aria-label=\"Diapositiva: Un menu speciale per la festa della mamma\"><h3 class='slide-entry-title entry-title '  itemprop=\"headline\" ><a href='https:\/\/www.hilberkeller.eu\/it\/das-hilberkeller-muttertag-2020\/' title='Un menu speciale per la festa della mamma'>Un menu speciale per la festa della mamma<\/a><\/h3><span class=\"av-vertical-delimiter\"><\/span><\/header><div class=\"slide-meta\"><time class='slide-meta-time updated'  itemprop=\"datePublished\" datetime=\"2020-05-08T13:57:25+02:00\" >8 Maggio 2020<\/time><\/div><div class='slide-entry-excerpt entry-content'  itemprop=\"text\" >La prossima domenica, 8 maggio 2020 \u00e8 la festa della mamma e\u2026<div class=\"read-more-link\"><a href=\"https:\/\/www.hilberkeller.eu\/it\/das-hilberkeller-muttertag-2020\/\" class=\"more-link\">Continua a leggere<span class='more-link-arrow avia-svg-icon avia-font-svg_entypo-fontello' data-av_svg_icon='right-open-big' data-av_iconset='svg_entypo-fontello'><svg version=\"1.1\" xmlns=\"http:\/\/www.w3.org\/2000\/svg\" width=\"15\" height=\"32\" viewBox=\"0 0 15 32\" preserveAspectRatio=\"xMidYMid meet\" role=\"graphics-symbol\" aria-hidden=\"true\">\n<path d=\"M0.416 27.84l11.456-11.84-11.456-11.904q-0.832-0.832 0-1.536 0.832-0.832 1.536 0l12.544 12.608q0.768 0.832 0 1.6l-12.544 12.608q-0.704 0.832-1.536 0-0.832-0.704 0-1.536z\"><\/path>\n<\/svg><\/span><\/a><\/div><\/div><\/div><footer class=\"entry-footer\"><\/footer><span class='hidden'>\n\t\t\t\t<span class='av-structured-data'  itemprop=\"image\" itemscope=\"itemscope\" itemtype=\"https:\/\/schema.org\/ImageObject\" >\n\t\t\t\t\t\t<span itemprop='url'>https:\/\/www.hilberkeller.eu\/wp-content\/uploads\/2020\/05\/Blumen-im-Hilberkeller-in-Kuens-bei-Meran-Muttertag.jpg<\/span>\n\t\t\t\t\t\t<span itemprop='height'>684<\/span>\n\t\t\t\t\t\t<span itemprop='width'>1030<\/span>\n\t\t\t\t<\/span>\n\t\t\t\t<span class='av-structured-data'  itemprop=\"publisher\" itemtype=\"https:\/\/schema.org\/Organization\" itemscope=\"itemscope\" >\n\t\t\t\t\t\t<span itemprop='name'>Andreas Platter<\/span>\n\t\t\t\t\t\t<span itemprop='logo' itemscope itemtype='https:\/\/schema.org\/ImageObject'>\n\t\t\t\t\t\t\t<span itemprop='url'>https:\/\/www.hilberkeller.eu\/wp-content\/uploads\/2018\/07\/hilberkeller_logo-home.png<\/span>\n\t\t\t\t\t\t<\/span>\n\t\t\t\t<\/span><span class='av-structured-data'  itemprop=\"author\" itemscope=\"itemscope\" itemtype=\"https:\/\/schema.org\/Person\" ><span itemprop='name'>Andreas Platter<\/span><\/span><span class='av-structured-data'  itemprop=\"datePublished\" datetime=\"2018-07-12T15:34:54+02:00\" >2020-05-08 13:57:25<\/span><span class='av-structured-data'  itemprop=\"dateModified\" itemtype=\"https:\/\/schema.org\/dateModified\" >2020-05-08 14:09:35<\/span><span class='av-structured-data'  itemprop=\"mainEntityOfPage\" itemtype=\"https:\/\/schema.org\/mainEntityOfPage\" ><span itemprop='name'>Un menu speciale per la festa della mamma<\/span><\/span><\/span><\/article><article class='slide-entry flex_column  post-entry post-entry-1191 slide-entry-overview slide-loop-9 slide-parity-odd  av_one_third  real-thumbnail posttype-post post-format-standard'  itemscope=\"itemscope\" itemtype=\"https:\/\/schema.org\/CreativeWork\" ><a href='https:\/\/www.hilberkeller.eu\/it\/toerggele-zeit-und-wildwochen-im-hilberkeller\/' data-rel='slide-1' class='slide-image' title='Tempo del T\u00f6rggelen e settimane della selvaggina al ristorante Hilberkeller'><img decoding=\"async\" fetchpriority=\"high\" width=\"495\" height=\"400\" src=\"https:\/\/www.hilberkeller.eu\/wp-content\/uploads\/2018\/10\/Schlachtplatte-im-Hilberkeller-in-Kuens-bei-Meran-495x400.jpg\" class=\"wp-image-838 avia-img-lazy-loading-not-838 attachment-portfolio size-portfolio wp-post-image\" alt=\"\" srcset=\"https:\/\/www.hilberkeller.eu\/wp-content\/uploads\/2018\/10\/Schlachtplatte-im-Hilberkeller-in-Kuens-bei-Meran-495x400.jpg 495w, https:\/\/www.hilberkeller.eu\/wp-content\/uploads\/2018\/10\/Schlachtplatte-im-Hilberkeller-in-Kuens-bei-Meran-845x684.jpg 845w\" sizes=\"(max-width: 495px) 100vw, 495px\" \/><\/a><div class=\"slide-content\"><header class=\"entry-content-header\" aria-label=\"Diapositiva: Tempo del T\u00f6rggelen e settimane della selvaggina al ristorante Hilberkeller\"><h3 class='slide-entry-title entry-title '  itemprop=\"headline\" ><a href='https:\/\/www.hilberkeller.eu\/it\/toerggele-zeit-und-wildwochen-im-hilberkeller\/' title='Tempo del T\u00f6rggelen e settimane della selvaggina al ristorante Hilberkeller'>Tempo del T\u00f6rggelen e settimane della selvaggina al ristorante Hilberkeller<\/a><\/h3><span class=\"av-vertical-delimiter\"><\/span><\/header><div class=\"slide-meta\"><time class='slide-meta-time updated'  itemprop=\"datePublished\" datetime=\"2019-10-05T14:09:49+02:00\" >5 Ottobre 2019<\/time><\/div><div class='slide-entry-excerpt entry-content'  itemprop=\"text\" >T\u00f6rggelen a Caines nei dintorni di Merano\r\n\r\nL'autunno \u00e8 arrivato\u2026<div class=\"read-more-link\"><a href=\"https:\/\/www.hilberkeller.eu\/it\/toerggele-zeit-und-wildwochen-im-hilberkeller\/\" class=\"more-link\">Continua a leggere<span class='more-link-arrow avia-svg-icon avia-font-svg_entypo-fontello' data-av_svg_icon='right-open-big' data-av_iconset='svg_entypo-fontello'><svg version=\"1.1\" xmlns=\"http:\/\/www.w3.org\/2000\/svg\" width=\"15\" height=\"32\" viewBox=\"0 0 15 32\" preserveAspectRatio=\"xMidYMid meet\" role=\"graphics-symbol\" aria-hidden=\"true\">\n<path d=\"M0.416 27.84l11.456-11.84-11.456-11.904q-0.832-0.832 0-1.536 0.832-0.832 1.536 0l12.544 12.608q0.768 0.832 0 1.6l-12.544 12.608q-0.704 0.832-1.536 0-0.832-0.704 0-1.536z\"><\/path>\n<\/svg><\/span><\/a><\/div><\/div><\/div><footer class=\"entry-footer\"><\/footer><span class='hidden'>\n\t\t\t\t<span class='av-structured-data'  itemprop=\"image\" itemscope=\"itemscope\" itemtype=\"https:\/\/schema.org\/ImageObject\" >\n\t\t\t\t\t\t<span itemprop='url'>https:\/\/www.hilberkeller.eu\/wp-content\/uploads\/2018\/10\/Schlachtplatte-im-Hilberkeller-in-Kuens-bei-Meran.jpg<\/span>\n\t\t\t\t\t\t<span itemprop='height'>773<\/span>\n\t\t\t\t\t\t<span itemprop='width'>1030<\/span>\n\t\t\t\t<\/span>\n\t\t\t\t<span class='av-structured-data'  itemprop=\"publisher\" itemtype=\"https:\/\/schema.org\/Organization\" itemscope=\"itemscope\" >\n\t\t\t\t\t\t<span itemprop='name'>Andreas Platter<\/span>\n\t\t\t\t\t\t<span itemprop='logo' itemscope itemtype='https:\/\/schema.org\/ImageObject'>\n\t\t\t\t\t\t\t<span itemprop='url'>https:\/\/www.hilberkeller.eu\/wp-content\/uploads\/2018\/07\/hilberkeller_logo-home.png<\/span>\n\t\t\t\t\t\t<\/span>\n\t\t\t\t<\/span><span class='av-structured-data'  itemprop=\"author\" itemscope=\"itemscope\" itemtype=\"https:\/\/schema.org\/Person\" ><span itemprop='name'>Andreas Platter<\/span><\/span><span class='av-structured-data'  itemprop=\"datePublished\" datetime=\"2018-07-12T15:34:54+02:00\" >2019-10-05 14:09:49<\/span><span class='av-structured-data'  itemprop=\"dateModified\" itemtype=\"https:\/\/schema.org\/dateModified\" >2019-10-05 14:22:06<\/span><span class='av-structured-data'  itemprop=\"mainEntityOfPage\" itemtype=\"https:\/\/schema.org\/mainEntityOfPage\" ><span itemprop='name'>Tempo del T\u00f6rggelen e settimane della selvaggina al ristorante Hilberkeller<\/span><\/span><\/span><\/article><\/div><div class=\"slide-entry-wrap\"><article class='slide-entry flex_column  post-entry post-entry-970 slide-entry-overview slide-loop-10 slide-parity-odd  av_one_third first real-thumbnail posttype-post post-format-standard'  itemscope=\"itemscope\" itemtype=\"https:\/\/schema.org\/CreativeWork\" ><a href='https:\/\/www.hilberkeller.eu\/it\/il-ristorante-hilberkeller-riceve-il-certificato-di-eccellenza\/' data-rel='slide-1' class='slide-image' title='Il ristorante Hilberkeller riceve il Certificato di Eccellenza'><img decoding=\"async\" fetchpriority=\"high\" width=\"495\" height=\"400\" src=\"https:\/\/www.hilberkeller.eu\/wp-content\/uploads\/2019\/05\/Tripadvisor-Zertifikat-fuer-Exzellenz-Hilberkeller-in-Kuens-bei-Meran-2019-it-495x400.jpg\" class=\"wp-image-1089 avia-img-lazy-loading-not-1089 attachment-portfolio size-portfolio wp-post-image\" alt=\"\" srcset=\"https:\/\/www.hilberkeller.eu\/wp-content\/uploads\/2019\/05\/Tripadvisor-Zertifikat-fuer-Exzellenz-Hilberkeller-in-Kuens-bei-Meran-2019-it-495x400.jpg 495w, https:\/\/www.hilberkeller.eu\/wp-content\/uploads\/2019\/05\/Tripadvisor-Zertifikat-fuer-Exzellenz-Hilberkeller-in-Kuens-bei-Meran-2019-it-845x684.jpg 845w\" sizes=\"(max-width: 495px) 100vw, 495px\" \/><\/a><div class=\"slide-content\"><header class=\"entry-content-header\" aria-label=\"Diapositiva: Il ristorante Hilberkeller riceve il Certificato di Eccellenza\"><h3 class='slide-entry-title entry-title '  itemprop=\"headline\" ><a href='https:\/\/www.hilberkeller.eu\/it\/il-ristorante-hilberkeller-riceve-il-certificato-di-eccellenza\/' title='Il ristorante Hilberkeller riceve il Certificato di Eccellenza'>Il ristorante Hilberkeller riceve il Certificato di Eccellenza<\/a><\/h3><span class=\"av-vertical-delimiter\"><\/span><\/header><div class=\"slide-meta\"><time class='slide-meta-time updated'  itemprop=\"datePublished\" datetime=\"2019-05-25T13:22:40+02:00\" >25 Maggio 2019<\/time><\/div><div class='slide-entry-excerpt entry-content'  itemprop=\"text\" >Il ristorante Hilberkeller \u00e8 stato premiato con il Certificato\u2026<div class=\"read-more-link\"><a href=\"https:\/\/www.hilberkeller.eu\/it\/il-ristorante-hilberkeller-riceve-il-certificato-di-eccellenza\/\" class=\"more-link\">Continua a leggere<span class='more-link-arrow avia-svg-icon avia-font-svg_entypo-fontello' data-av_svg_icon='right-open-big' data-av_iconset='svg_entypo-fontello'><svg version=\"1.1\" xmlns=\"http:\/\/www.w3.org\/2000\/svg\" width=\"15\" height=\"32\" viewBox=\"0 0 15 32\" preserveAspectRatio=\"xMidYMid meet\" role=\"graphics-symbol\" aria-hidden=\"true\">\n<path d=\"M0.416 27.84l11.456-11.84-11.456-11.904q-0.832-0.832 0-1.536 0.832-0.832 1.536 0l12.544 12.608q0.768 0.832 0 1.6l-12.544 12.608q-0.704 0.832-1.536 0-0.832-0.704 0-1.536z\"><\/path>\n<\/svg><\/span><\/a><\/div><\/div><\/div><footer class=\"entry-footer\"><\/footer><span class='hidden'>\n\t\t\t\t<span class='av-structured-data'  itemprop=\"image\" itemscope=\"itemscope\" itemtype=\"https:\/\/schema.org\/ImageObject\" >\n\t\t\t\t\t\t<span itemprop='url'>https:\/\/www.hilberkeller.eu\/wp-content\/uploads\/2019\/05\/Tripadvisor-Zertifikat-fuer-Exzellenz-Hilberkeller-in-Kuens-bei-Meran-2019-it.jpg<\/span>\n\t\t\t\t\t\t<span itemprop='height'>688<\/span>\n\t\t\t\t\t\t<span itemprop='width'>1030<\/span>\n\t\t\t\t<\/span>\n\t\t\t\t<span class='av-structured-data'  itemprop=\"publisher\" itemtype=\"https:\/\/schema.org\/Organization\" itemscope=\"itemscope\" >\n\t\t\t\t\t\t<span itemprop='name'>Andreas Platter<\/span>\n\t\t\t\t\t\t<span itemprop='logo' itemscope itemtype='https:\/\/schema.org\/ImageObject'>\n\t\t\t\t\t\t\t<span itemprop='url'>https:\/\/www.hilberkeller.eu\/wp-content\/uploads\/2018\/07\/hilberkeller_logo-home.png<\/span>\n\t\t\t\t\t\t<\/span>\n\t\t\t\t<\/span><span class='av-structured-data'  itemprop=\"author\" itemscope=\"itemscope\" itemtype=\"https:\/\/schema.org\/Person\" ><span itemprop='name'>Andreas Platter<\/span><\/span><span class='av-structured-data'  itemprop=\"datePublished\" datetime=\"2018-07-12T15:34:54+02:00\" >2019-05-25 13:22:40<\/span><span class='av-structured-data'  itemprop=\"dateModified\" itemtype=\"https:\/\/schema.org\/dateModified\" >2019-07-18 11:28:35<\/span><span class='av-structured-data'  itemprop=\"mainEntityOfPage\" itemtype=\"https:\/\/schema.org\/mainEntityOfPage\" ><span itemprop='name'>Il ristorante Hilberkeller riceve il Certificato di Eccellenza<\/span><\/span><\/span><\/article><article class='slide-entry flex_column  post-entry post-entry-850 slide-entry-overview slide-loop-11 slide-parity-even  av_one_third  real-thumbnail posttype-post post-format-standard'  itemscope=\"itemscope\" itemtype=\"https:\/\/schema.org\/CreativeWork\" ><a href='https:\/\/www.hilberkeller.eu\/it\/toerggelen-a-caines-nei-dintorni-di-merano\/' data-rel='slide-1' class='slide-image' title='T\u00f6rggelen a Caines nei dintorni di Merano'><img decoding=\"async\" fetchpriority=\"high\" width=\"495\" height=\"400\" src=\"https:\/\/www.hilberkeller.eu\/wp-content\/uploads\/2018\/10\/T\u00f6rggele-Stadele-im-Restaurant-Hilberkeller-in-Kuens-bei-Meran-495x400.jpg\" class=\"wp-image-836 avia-img-lazy-loading-not-836 attachment-portfolio size-portfolio wp-post-image\" alt=\"\" srcset=\"https:\/\/www.hilberkeller.eu\/wp-content\/uploads\/2018\/10\/T\u00f6rggele-Stadele-im-Restaurant-Hilberkeller-in-Kuens-bei-Meran-495x400.jpg 495w, https:\/\/www.hilberkeller.eu\/wp-content\/uploads\/2018\/10\/T\u00f6rggele-Stadele-im-Restaurant-Hilberkeller-in-Kuens-bei-Meran-845x684.jpg 845w\" sizes=\"(max-width: 495px) 100vw, 495px\" \/><\/a><div class=\"slide-content\"><header class=\"entry-content-header\" aria-label=\"Diapositiva: T\u00f6rggelen a Caines nei dintorni di Merano\"><h3 class='slide-entry-title entry-title '  itemprop=\"headline\" ><a href='https:\/\/www.hilberkeller.eu\/it\/toerggelen-a-caines-nei-dintorni-di-merano\/' title='T\u00f6rggelen a Caines nei dintorni di Merano'>T\u00f6rggelen a Caines nei dintorni di Merano<\/a><\/h3><span class=\"av-vertical-delimiter\"><\/span><\/header><div class=\"slide-meta\"><time class='slide-meta-time updated'  itemprop=\"datePublished\" datetime=\"2018-10-13T13:25:23+02:00\" >13 Ottobre 2018<\/time><\/div><div class='slide-entry-excerpt entry-content'  itemprop=\"text\" >L'autunno \u00e8 arrivato in Alto Adige e inizia il tempo del T\u00f6rggelen.\u2026<div class=\"read-more-link\"><a href=\"https:\/\/www.hilberkeller.eu\/it\/toerggelen-a-caines-nei-dintorni-di-merano\/\" class=\"more-link\">Continua a leggere<span class='more-link-arrow avia-svg-icon avia-font-svg_entypo-fontello' data-av_svg_icon='right-open-big' data-av_iconset='svg_entypo-fontello'><svg version=\"1.1\" xmlns=\"http:\/\/www.w3.org\/2000\/svg\" width=\"15\" height=\"32\" viewBox=\"0 0 15 32\" preserveAspectRatio=\"xMidYMid meet\" role=\"graphics-symbol\" aria-hidden=\"true\">\n<path d=\"M0.416 27.84l11.456-11.84-11.456-11.904q-0.832-0.832 0-1.536 0.832-0.832 1.536 0l12.544 12.608q0.768 0.832 0 1.6l-12.544 12.608q-0.704 0.832-1.536 0-0.832-0.704 0-1.536z\"><\/path>\n<\/svg><\/span><\/a><\/div><\/div><\/div><footer class=\"entry-footer\"><\/footer><span class='hidden'>\n\t\t\t\t<span class='av-structured-data'  itemprop=\"image\" itemscope=\"itemscope\" itemtype=\"https:\/\/schema.org\/ImageObject\" >\n\t\t\t\t\t\t<span itemprop='url'>https:\/\/www.hilberkeller.eu\/wp-content\/uploads\/2018\/10\/T\u00f6rggele-Stadele-im-Restaurant-Hilberkeller-in-Kuens-bei-Meran.jpg<\/span>\n\t\t\t\t\t\t<span itemprop='height'>684<\/span>\n\t\t\t\t\t\t<span itemprop='width'>1030<\/span>\n\t\t\t\t<\/span>\n\t\t\t\t<span class='av-structured-data'  itemprop=\"publisher\" itemtype=\"https:\/\/schema.org\/Organization\" itemscope=\"itemscope\" >\n\t\t\t\t\t\t<span itemprop='name'>Andreas Platter<\/span>\n\t\t\t\t\t\t<span itemprop='logo' itemscope itemtype='https:\/\/schema.org\/ImageObject'>\n\t\t\t\t\t\t\t<span itemprop='url'>https:\/\/www.hilberkeller.eu\/wp-content\/uploads\/2018\/07\/hilberkeller_logo-home.png<\/span>\n\t\t\t\t\t\t<\/span>\n\t\t\t\t<\/span><span class='av-structured-data'  itemprop=\"author\" itemscope=\"itemscope\" itemtype=\"https:\/\/schema.org\/Person\" ><span itemprop='name'>Andreas Platter<\/span><\/span><span class='av-structured-data'  itemprop=\"datePublished\" datetime=\"2018-07-12T15:34:54+02:00\" >2018-10-13 13:25:23<\/span><span class='av-structured-data'  itemprop=\"dateModified\" itemtype=\"https:\/\/schema.org\/dateModified\" >2018-10-13 16:28:51<\/span><span class='av-structured-data'  itemprop=\"mainEntityOfPage\" itemtype=\"https:\/\/schema.org\/mainEntityOfPage\" ><span itemprop='name'>T\u00f6rggelen a Caines nei dintorni di Merano<\/span><\/span><\/span><\/article><article class='slide-entry flex_column  post-entry post-entry-765 slide-entry-overview slide-loop-12 slide-parity-odd  av_one_third  real-thumbnail posttype-post post-format-standard'  itemscope=\"itemscope\" itemtype=\"https:\/\/schema.org\/CreativeWork\" ><a href='https:\/\/www.hilberkeller.eu\/it\/deliziosi-piatti-di-selvaggina-al-ristorante-hilberkeller\/' data-rel='slide-1' class='slide-image' title='Deliziosi piatti di selvaggina al ristorante Hilberkeller'><img decoding=\"async\" fetchpriority=\"high\" width=\"495\" height=\"400\" src=\"https:\/\/www.hilberkeller.eu\/wp-content\/uploads\/2018\/09\/Gebratene-Speckkn\u00f6delscheiben-auf-Blaukraut-dazu-Wildragout-2-495x400.jpg\" class=\"wp-image-795 avia-img-lazy-loading-not-795 attachment-portfolio size-portfolio wp-post-image\" alt=\"\" srcset=\"https:\/\/www.hilberkeller.eu\/wp-content\/uploads\/2018\/09\/Gebratene-Speckkn\u00f6delscheiben-auf-Blaukraut-dazu-Wildragout-2-495x400.jpg 495w, https:\/\/www.hilberkeller.eu\/wp-content\/uploads\/2018\/09\/Gebratene-Speckkn\u00f6delscheiben-auf-Blaukraut-dazu-Wildragout-2-845x684.jpg 845w\" sizes=\"(max-width: 495px) 100vw, 495px\" \/><\/a><div class=\"slide-content\"><header class=\"entry-content-header\" aria-label=\"Diapositiva: Deliziosi piatti di selvaggina al ristorante Hilberkeller\"><h3 class='slide-entry-title entry-title '  itemprop=\"headline\" ><a href='https:\/\/www.hilberkeller.eu\/it\/deliziosi-piatti-di-selvaggina-al-ristorante-hilberkeller\/' title='Deliziosi piatti di selvaggina al ristorante Hilberkeller'>Deliziosi piatti di selvaggina al ristorante Hilberkeller<\/a><\/h3><span class=\"av-vertical-delimiter\"><\/span><\/header><div class=\"slide-meta\"><time class='slide-meta-time updated'  itemprop=\"datePublished\" datetime=\"2018-09-20T15:26:52+02:00\" >20 Settembre 2018<\/time><\/div><div class='slide-entry-excerpt entry-content'  itemprop=\"text\" >da settembre a novembre\r\n\r\nD'ora in poi vi serviamo di nuovo\u2026<div class=\"read-more-link\"><a href=\"https:\/\/www.hilberkeller.eu\/it\/deliziosi-piatti-di-selvaggina-al-ristorante-hilberkeller\/\" class=\"more-link\">Continua a leggere<span class='more-link-arrow avia-svg-icon avia-font-svg_entypo-fontello' data-av_svg_icon='right-open-big' data-av_iconset='svg_entypo-fontello'><svg version=\"1.1\" xmlns=\"http:\/\/www.w3.org\/2000\/svg\" width=\"15\" height=\"32\" viewBox=\"0 0 15 32\" preserveAspectRatio=\"xMidYMid meet\" role=\"graphics-symbol\" aria-hidden=\"true\">\n<path d=\"M0.416 27.84l11.456-11.84-11.456-11.904q-0.832-0.832 0-1.536 0.832-0.832 1.536 0l12.544 12.608q0.768 0.832 0 1.6l-12.544 12.608q-0.704 0.832-1.536 0-0.832-0.704 0-1.536z\"><\/path>\n<\/svg><\/span><\/a><\/div><\/div><\/div><footer class=\"entry-footer\"><\/footer><span class='hidden'>\n\t\t\t\t<span class='av-structured-data'  itemprop=\"image\" itemscope=\"itemscope\" itemtype=\"https:\/\/schema.org\/ImageObject\" >\n\t\t\t\t\t\t<span itemprop='url'>https:\/\/www.hilberkeller.eu\/wp-content\/uploads\/2018\/09\/Gebratene-Speckkn\u00f6delscheiben-auf-Blaukraut-dazu-Wildragout-2.jpg<\/span>\n\t\t\t\t\t\t<span itemprop='height'>684<\/span>\n\t\t\t\t\t\t<span itemprop='width'>1030<\/span>\n\t\t\t\t<\/span>\n\t\t\t\t<span class='av-structured-data'  itemprop=\"publisher\" itemtype=\"https:\/\/schema.org\/Organization\" itemscope=\"itemscope\" >\n\t\t\t\t\t\t<span itemprop='name'>Andreas Platter<\/span>\n\t\t\t\t\t\t<span itemprop='logo' itemscope itemtype='https:\/\/schema.org\/ImageObject'>\n\t\t\t\t\t\t\t<span itemprop='url'>https:\/\/www.hilberkeller.eu\/wp-content\/uploads\/2018\/07\/hilberkeller_logo-home.png<\/span>\n\t\t\t\t\t\t<\/span>\n\t\t\t\t<\/span><span class='av-structured-data'  itemprop=\"author\" itemscope=\"itemscope\" itemtype=\"https:\/\/schema.org\/Person\" ><span itemprop='name'>Andreas Platter<\/span><\/span><span class='av-structured-data'  itemprop=\"datePublished\" datetime=\"2018-07-12T15:34:54+02:00\" >2018-09-20 15:26:52<\/span><span class='av-structured-data'  itemprop=\"dateModified\" itemtype=\"https:\/\/schema.org\/dateModified\" >2018-09-20 15:28:29<\/span><span class='av-structured-data'  itemprop=\"mainEntityOfPage\" itemtype=\"https:\/\/schema.org\/mainEntityOfPage\" ><span itemprop='name'>Deliziosi piatti di selvaggina al ristorante Hilberkeller<\/span><\/span><\/span><\/article><\/div><div class=\"slide-entry-wrap\"><article class='slide-entry flex_column  post-entry post-entry-741 slide-entry-overview slide-loop-13 slide-parity-odd  av_one_third first real-thumbnail posttype-post post-format-standard'  itemscope=\"itemscope\" itemtype=\"https:\/\/schema.org\/CreativeWork\" ><a href='https:\/\/www.hilberkeller.eu\/it\/in-alto-sopra-la-val-passiria\/' data-rel='slide-1' class='slide-image' title='In alto sopra la Val Passiria'><img decoding=\"async\" fetchpriority=\"high\" width=\"495\" height=\"400\" src=\"https:\/\/www.hilberkeller.eu\/wp-content\/uploads\/2018\/08\/Paragleiter-Hilberkeller-August-2018-495x400.jpg\" class=\"wp-image-734 avia-img-lazy-loading-not-734 attachment-portfolio size-portfolio wp-post-image\" alt=\"\" srcset=\"https:\/\/www.hilberkeller.eu\/wp-content\/uploads\/2018\/08\/Paragleiter-Hilberkeller-August-2018-495x400.jpg 495w, https:\/\/www.hilberkeller.eu\/wp-content\/uploads\/2018\/08\/Paragleiter-Hilberkeller-August-2018-845x684.jpg 845w\" sizes=\"(max-width: 495px) 100vw, 495px\" \/><\/a><div class=\"slide-content\"><header class=\"entry-content-header\" aria-label=\"Diapositiva: In alto sopra la Val Passiria\"><h3 class='slide-entry-title entry-title '  itemprop=\"headline\" ><a href='https:\/\/www.hilberkeller.eu\/it\/in-alto-sopra-la-val-passiria\/' title='In alto sopra la Val Passiria'>In alto sopra la Val Passiria<\/a><\/h3><span class=\"av-vertical-delimiter\"><\/span><\/header><div class=\"slide-meta\"><time class='slide-meta-time updated'  itemprop=\"datePublished\" datetime=\"2018-08-28T14:11:43+02:00\" >28 Agosto 2018<\/time><\/div><div class='slide-entry-excerpt entry-content'  itemprop=\"text\" >Hai sempre sognato di poter volare come un uccello e di osservare\u2026<div class=\"read-more-link\"><a href=\"https:\/\/www.hilberkeller.eu\/it\/in-alto-sopra-la-val-passiria\/\" class=\"more-link\">Continua a leggere<span class='more-link-arrow avia-svg-icon avia-font-svg_entypo-fontello' data-av_svg_icon='right-open-big' data-av_iconset='svg_entypo-fontello'><svg version=\"1.1\" xmlns=\"http:\/\/www.w3.org\/2000\/svg\" width=\"15\" height=\"32\" viewBox=\"0 0 15 32\" preserveAspectRatio=\"xMidYMid meet\" role=\"graphics-symbol\" aria-hidden=\"true\">\n<path d=\"M0.416 27.84l11.456-11.84-11.456-11.904q-0.832-0.832 0-1.536 0.832-0.832 1.536 0l12.544 12.608q0.768 0.832 0 1.6l-12.544 12.608q-0.704 0.832-1.536 0-0.832-0.704 0-1.536z\"><\/path>\n<\/svg><\/span><\/a><\/div><\/div><\/div><footer class=\"entry-footer\"><\/footer><span class='hidden'>\n\t\t\t\t<span class='av-structured-data'  itemprop=\"image\" itemscope=\"itemscope\" itemtype=\"https:\/\/schema.org\/ImageObject\" >\n\t\t\t\t\t\t<span itemprop='url'>https:\/\/www.hilberkeller.eu\/wp-content\/uploads\/2018\/08\/Paragleiter-Hilberkeller-August-2018.jpg<\/span>\n\t\t\t\t\t\t<span itemprop='height'>687<\/span>\n\t\t\t\t\t\t<span itemprop='width'>1030<\/span>\n\t\t\t\t<\/span>\n\t\t\t\t<span class='av-structured-data'  itemprop=\"publisher\" itemtype=\"https:\/\/schema.org\/Organization\" itemscope=\"itemscope\" >\n\t\t\t\t\t\t<span itemprop='name'>Andreas Platter<\/span>\n\t\t\t\t\t\t<span itemprop='logo' itemscope itemtype='https:\/\/schema.org\/ImageObject'>\n\t\t\t\t\t\t\t<span itemprop='url'>https:\/\/www.hilberkeller.eu\/wp-content\/uploads\/2018\/07\/hilberkeller_logo-home.png<\/span>\n\t\t\t\t\t\t<\/span>\n\t\t\t\t<\/span><span class='av-structured-data'  itemprop=\"author\" itemscope=\"itemscope\" itemtype=\"https:\/\/schema.org\/Person\" ><span itemprop='name'>Andreas Platter<\/span><\/span><span class='av-structured-data'  itemprop=\"datePublished\" datetime=\"2018-07-12T15:34:54+02:00\" >2018-08-28 14:11:43<\/span><span class='av-structured-data'  itemprop=\"dateModified\" itemtype=\"https:\/\/schema.org\/dateModified\" >2018-09-14 11:25:25<\/span><span class='av-structured-data'  itemprop=\"mainEntityOfPage\" itemtype=\"https:\/\/schema.org\/mainEntityOfPage\" ><span itemprop='name'>In alto sopra la Val Passiria<\/span><\/span><\/span><\/article><article class='slide-entry flex_column  post-entry post-entry-591 slide-entry-overview slide-loop-14 slide-parity-even  av_one_third  real-thumbnail posttype-post post-format-standard'  itemscope=\"itemscope\" itemtype=\"https:\/\/schema.org\/CreativeWork\" ><a href='https:\/\/www.hilberkeller.eu\/it\/uno-di-quei-posti-nel-mondo\/' data-rel='slide-1' class='slide-image' title='Uno di quei posti nel mondo'><img decoding=\"async\" fetchpriority=\"high\" width=\"495\" height=\"400\" src=\"https:\/\/www.hilberkeller.eu\/wp-content\/uploads\/2018\/07\/Restaurant-Hilberkeller-in-Kuens-bei-Meran-40-1-495x400.jpg\" class=\"wp-image-639 avia-img-lazy-loading-not-639 attachment-portfolio size-portfolio wp-post-image\" alt=\"Uno di quei posti nel mondo\" srcset=\"https:\/\/www.hilberkeller.eu\/wp-content\/uploads\/2018\/07\/Restaurant-Hilberkeller-in-Kuens-bei-Meran-40-1-495x400.jpg 495w, https:\/\/www.hilberkeller.eu\/wp-content\/uploads\/2018\/07\/Restaurant-Hilberkeller-in-Kuens-bei-Meran-40-1-845x684.jpg 845w\" sizes=\"(max-width: 495px) 100vw, 495px\" \/><\/a><div class=\"slide-content\"><header class=\"entry-content-header\" aria-label=\"Diapositiva: Uno di quei posti nel mondo\"><h3 class='slide-entry-title entry-title '  itemprop=\"headline\" ><a href='https:\/\/www.hilberkeller.eu\/it\/uno-di-quei-posti-nel-mondo\/' title='Uno di quei posti nel mondo'>Uno di quei posti nel mondo<\/a><\/h3><span class=\"av-vertical-delimiter\"><\/span><\/header><div class=\"slide-meta\"><time class='slide-meta-time updated'  itemprop=\"datePublished\" datetime=\"2018-07-24T16:47:48+02:00\" >24 Luglio 2018<\/time><\/div><div class='slide-entry-excerpt entry-content'  itemprop=\"text\" >Daniel Cerami del blog #Tdv - Terra da Vivere ha visitato il\u2026<div class=\"read-more-link\"><a href=\"https:\/\/www.hilberkeller.eu\/it\/uno-di-quei-posti-nel-mondo\/\" class=\"more-link\">Continua a leggere<span class='more-link-arrow avia-svg-icon avia-font-svg_entypo-fontello' data-av_svg_icon='right-open-big' data-av_iconset='svg_entypo-fontello'><svg version=\"1.1\" xmlns=\"http:\/\/www.w3.org\/2000\/svg\" width=\"15\" height=\"32\" viewBox=\"0 0 15 32\" preserveAspectRatio=\"xMidYMid meet\" role=\"graphics-symbol\" aria-hidden=\"true\">\n<path d=\"M0.416 27.84l11.456-11.84-11.456-11.904q-0.832-0.832 0-1.536 0.832-0.832 1.536 0l12.544 12.608q0.768 0.832 0 1.6l-12.544 12.608q-0.704 0.832-1.536 0-0.832-0.704 0-1.536z\"><\/path>\n<\/svg><\/span><\/a><\/div><\/div><\/div><footer class=\"entry-footer\"><\/footer><span class='hidden'>\n\t\t\t\t<span class='av-structured-data'  itemprop=\"image\" itemscope=\"itemscope\" itemtype=\"https:\/\/schema.org\/ImageObject\" >\n\t\t\t\t\t\t<span itemprop='url'>https:\/\/www.hilberkeller.eu\/wp-content\/uploads\/2018\/07\/Restaurant-Hilberkeller-in-Kuens-bei-Meran-40-1.jpg<\/span>\n\t\t\t\t\t\t<span itemprop='height'>687<\/span>\n\t\t\t\t\t\t<span itemprop='width'>1030<\/span>\n\t\t\t\t<\/span>\n\t\t\t\t<span class='av-structured-data'  itemprop=\"publisher\" itemtype=\"https:\/\/schema.org\/Organization\" itemscope=\"itemscope\" >\n\t\t\t\t\t\t<span itemprop='name'>Anno Dominie<\/span>\n\t\t\t\t\t\t<span itemprop='logo' itemscope itemtype='https:\/\/schema.org\/ImageObject'>\n\t\t\t\t\t\t\t<span itemprop='url'>https:\/\/www.hilberkeller.eu\/wp-content\/uploads\/2018\/07\/hilberkeller_logo-home.png<\/span>\n\t\t\t\t\t\t<\/span>\n\t\t\t\t<\/span><span class='av-structured-data'  itemprop=\"author\" itemscope=\"itemscope\" itemtype=\"https:\/\/schema.org\/Person\" ><span itemprop='name'>Anno Dominie<\/span><\/span><span class='av-structured-data'  itemprop=\"datePublished\" datetime=\"2018-07-12T15:34:54+02:00\" >2018-07-24 16:47:48<\/span><span class='av-structured-data'  itemprop=\"dateModified\" itemtype=\"https:\/\/schema.org\/dateModified\" >2018-07-25 11:54:33<\/span><span class='av-structured-data'  itemprop=\"mainEntityOfPage\" itemtype=\"https:\/\/schema.org\/mainEntityOfPage\" ><span itemprop='name'>Uno di quei posti nel mondo<\/span><\/span><\/span><\/article><article class='slide-entry flex_column  post-entry post-entry-583 slide-entry-overview slide-loop-15 slide-parity-odd  av_one_third  real-thumbnail posttype-post post-format-standard'  itemscope=\"itemscope\" itemtype=\"https:\/\/schema.org\/CreativeWork\" ><a href='https:\/\/www.hilberkeller.eu\/it\/dove-mangiare-a-merano-e-dintorni\/' data-rel='slide-1' class='slide-image' title='Dove mangiare a Merano e dintorni'><img decoding=\"async\" fetchpriority=\"high\" width=\"495\" height=\"400\" src=\"https:\/\/www.hilberkeller.eu\/wp-content\/uploads\/2018\/07\/Gebratene-Speckknoedelscheiben-auf-Blaukraut-dazu-Wildragout-4-495x400.jpg\" class=\"wp-image-585 avia-img-lazy-loading-not-585 attachment-portfolio size-portfolio wp-post-image\" alt=\"Dove mangiare a Merano e dintorni\" srcset=\"https:\/\/www.hilberkeller.eu\/wp-content\/uploads\/2018\/07\/Gebratene-Speckknoedelscheiben-auf-Blaukraut-dazu-Wildragout-4-495x400.jpg 495w, https:\/\/www.hilberkeller.eu\/wp-content\/uploads\/2018\/07\/Gebratene-Speckknoedelscheiben-auf-Blaukraut-dazu-Wildragout-4-845x684.jpg 845w\" sizes=\"(max-width: 495px) 100vw, 495px\" \/><\/a><div class=\"slide-content\"><header class=\"entry-content-header\" aria-label=\"Diapositiva: Dove mangiare a Merano e dintorni\"><h3 class='slide-entry-title entry-title '  itemprop=\"headline\" ><a href='https:\/\/www.hilberkeller.eu\/it\/dove-mangiare-a-merano-e-dintorni\/' title='Dove mangiare a Merano e dintorni'>Dove mangiare a Merano e dintorni<\/a><\/h3><span class=\"av-vertical-delimiter\"><\/span><\/header><div class=\"slide-meta\"><time class='slide-meta-time updated'  itemprop=\"datePublished\" datetime=\"2018-07-24T16:29:11+02:00\" >24 Luglio 2018<\/time><\/div><div class='slide-entry-excerpt entry-content'  itemprop=\"text\" >Dove mangiare a Merano e dintorni?\r\n\r\nIl nostro amico Andrea\u2026<div class=\"read-more-link\"><a href=\"https:\/\/www.hilberkeller.eu\/it\/dove-mangiare-a-merano-e-dintorni\/\" class=\"more-link\">Continua a leggere<span class='more-link-arrow avia-svg-icon avia-font-svg_entypo-fontello' data-av_svg_icon='right-open-big' data-av_iconset='svg_entypo-fontello'><svg version=\"1.1\" xmlns=\"http:\/\/www.w3.org\/2000\/svg\" width=\"15\" height=\"32\" viewBox=\"0 0 15 32\" preserveAspectRatio=\"xMidYMid meet\" role=\"graphics-symbol\" aria-hidden=\"true\">\n<path d=\"M0.416 27.84l11.456-11.84-11.456-11.904q-0.832-0.832 0-1.536 0.832-0.832 1.536 0l12.544 12.608q0.768 0.832 0 1.6l-12.544 12.608q-0.704 0.832-1.536 0-0.832-0.704 0-1.536z\"><\/path>\n<\/svg><\/span><\/a><\/div><\/div><\/div><footer class=\"entry-footer\"><\/footer><span class='hidden'>\n\t\t\t\t<span class='av-structured-data'  itemprop=\"image\" itemscope=\"itemscope\" itemtype=\"https:\/\/schema.org\/ImageObject\" >\n\t\t\t\t\t\t<span itemprop='url'>https:\/\/www.hilberkeller.eu\/wp-content\/uploads\/2018\/07\/Gebratene-Speckknoedelscheiben-auf-Blaukraut-dazu-Wildragout-4.jpg<\/span>\n\t\t\t\t\t\t<span itemprop='height'>684<\/span>\n\t\t\t\t\t\t<span itemprop='width'>1030<\/span>\n\t\t\t\t<\/span>\n\t\t\t\t<span class='av-structured-data'  itemprop=\"publisher\" itemtype=\"https:\/\/schema.org\/Organization\" itemscope=\"itemscope\" >\n\t\t\t\t\t\t<span itemprop='name'>Anno Dominie<\/span>\n\t\t\t\t\t\t<span itemprop='logo' itemscope itemtype='https:\/\/schema.org\/ImageObject'>\n\t\t\t\t\t\t\t<span itemprop='url'>https:\/\/www.hilberkeller.eu\/wp-content\/uploads\/2018\/07\/hilberkeller_logo-home.png<\/span>\n\t\t\t\t\t\t<\/span>\n\t\t\t\t<\/span><span class='av-structured-data'  itemprop=\"author\" itemscope=\"itemscope\" itemtype=\"https:\/\/schema.org\/Person\" ><span itemprop='name'>Anno Dominie<\/span><\/span><span class='av-structured-data'  itemprop=\"datePublished\" datetime=\"2018-07-12T15:34:54+02:00\" >2018-07-24 16:29:11<\/span><span class='av-structured-data'  itemprop=\"dateModified\" itemtype=\"https:\/\/schema.org\/dateModified\" >2018-07-24 16:41:15<\/span><span class='av-structured-data'  itemprop=\"mainEntityOfPage\" itemtype=\"https:\/\/schema.org\/mainEntityOfPage\" ><span itemprop='name'>Dove mangiare a Merano e dintorni<\/span><\/span><\/span><\/article><\/div><div class=\"slide-entry-wrap\"><article class='slide-entry flex_column  post-entry post-entry-567 slide-entry-overview slide-loop-16 slide-parity-odd  av_one_third first real-thumbnail posttype-post post-format-standard'  itemscope=\"itemscope\" itemtype=\"https:\/\/schema.org\/CreativeWork\" ><a href='https:\/\/www.hilberkeller.eu\/it\/tripadvisor-certificato-2018\/' data-rel='slide-1' class='slide-image' title='TripAdvisor Certificato 2018'><img decoding=\"async\" fetchpriority=\"high\" width=\"495\" height=\"400\" src=\"https:\/\/www.hilberkeller.eu\/wp-content\/uploads\/2018\/07\/hilberkeller_tripadvisor-hall-of-fame-it-495x400.jpg\" class=\"wp-image-545 avia-img-lazy-loading-not-545 attachment-portfolio size-portfolio wp-post-image\" alt=\"TripAdvisor Certificato 2018\" srcset=\"https:\/\/www.hilberkeller.eu\/wp-content\/uploads\/2018\/07\/hilberkeller_tripadvisor-hall-of-fame-it-495x400.jpg 495w, https:\/\/www.hilberkeller.eu\/wp-content\/uploads\/2018\/07\/hilberkeller_tripadvisor-hall-of-fame-it-845x684.jpg 845w\" sizes=\"(max-width: 495px) 100vw, 495px\" \/><\/a><div class=\"slide-content\"><header class=\"entry-content-header\" aria-label=\"Diapositiva: TripAdvisor Certificato 2018\"><h3 class='slide-entry-title entry-title '  itemprop=\"headline\" ><a href='https:\/\/www.hilberkeller.eu\/it\/tripadvisor-certificato-2018\/' title='TripAdvisor Certificato 2018'>TripAdvisor Certificato 2018<\/a><\/h3><span class=\"av-vertical-delimiter\"><\/span><\/header><div class=\"slide-meta\"><time class='slide-meta-time updated'  itemprop=\"datePublished\" datetime=\"2018-07-11T12:47:05+02:00\" >11 Luglio 2018<\/time><\/div><div class='slide-entry-excerpt entry-content'  itemprop=\"text\" >Il ristorante Hilberkeller riceve il TripAdvisor Certificato\u2026<div class=\"read-more-link\"><a href=\"https:\/\/www.hilberkeller.eu\/it\/tripadvisor-certificato-2018\/\" class=\"more-link\">Continua a leggere<span class='more-link-arrow avia-svg-icon avia-font-svg_entypo-fontello' data-av_svg_icon='right-open-big' data-av_iconset='svg_entypo-fontello'><svg version=\"1.1\" xmlns=\"http:\/\/www.w3.org\/2000\/svg\" width=\"15\" height=\"32\" viewBox=\"0 0 15 32\" preserveAspectRatio=\"xMidYMid meet\" role=\"graphics-symbol\" aria-hidden=\"true\">\n<path d=\"M0.416 27.84l11.456-11.84-11.456-11.904q-0.832-0.832 0-1.536 0.832-0.832 1.536 0l12.544 12.608q0.768 0.832 0 1.6l-12.544 12.608q-0.704 0.832-1.536 0-0.832-0.704 0-1.536z\"><\/path>\n<\/svg><\/span><\/a><\/div><\/div><\/div><footer class=\"entry-footer\"><\/footer><span class='hidden'>\n\t\t\t\t<span class='av-structured-data'  itemprop=\"image\" itemscope=\"itemscope\" itemtype=\"https:\/\/schema.org\/ImageObject\" >\n\t\t\t\t\t\t<span itemprop='url'>https:\/\/www.hilberkeller.eu\/wp-content\/uploads\/2018\/07\/hilberkeller_tripadvisor-hall-of-fame-it.jpg<\/span>\n\t\t\t\t\t\t<span itemprop='height'>687<\/span>\n\t\t\t\t\t\t<span itemprop='width'>1030<\/span>\n\t\t\t\t<\/span>\n\t\t\t\t<span class='av-structured-data'  itemprop=\"publisher\" itemtype=\"https:\/\/schema.org\/Organization\" itemscope=\"itemscope\" >\n\t\t\t\t\t\t<span itemprop='name'>Anno Dominie<\/span>\n\t\t\t\t\t\t<span itemprop='logo' itemscope itemtype='https:\/\/schema.org\/ImageObject'>\n\t\t\t\t\t\t\t<span itemprop='url'>https:\/\/www.hilberkeller.eu\/wp-content\/uploads\/2018\/07\/hilberkeller_logo-home.png<\/span>\n\t\t\t\t\t\t<\/span>\n\t\t\t\t<\/span><span class='av-structured-data'  itemprop=\"author\" itemscope=\"itemscope\" itemtype=\"https:\/\/schema.org\/Person\" ><span itemprop='name'>Anno Dominie<\/span><\/span><span class='av-structured-data'  itemprop=\"datePublished\" datetime=\"2018-07-12T15:34:54+02:00\" >2018-07-11 12:47:05<\/span><span class='av-structured-data'  itemprop=\"dateModified\" itemtype=\"https:\/\/schema.org\/dateModified\" >2018-07-24 15:55:27<\/span><span class='av-structured-data'  itemprop=\"mainEntityOfPage\" itemtype=\"https:\/\/schema.org\/mainEntityOfPage\" ><span itemprop='name'>TripAdvisor Certificato 2018<\/span><\/span><\/span><\/article><article class='slide-entry flex_column  post-entry post-entry-575 slide-entry-overview slide-loop-17 slide-parity-even  post-entry-last  av_one_third  real-thumbnail posttype-post post-format-standard'  itemscope=\"itemscope\" itemtype=\"https:\/\/schema.org\/CreativeWork\" ><a href='https:\/\/www.hilberkeller.eu\/it\/specialita-di-asparagi-per-buongustai\/' data-rel='slide-1' class='slide-image' title='Specialita di asparagi per buongustai'><img decoding=\"async\" fetchpriority=\"high\" width=\"495\" height=\"400\" src=\"https:\/\/www.hilberkeller.eu\/wp-content\/uploads\/2018\/07\/hilberkeller-gerichte_Spargelgericht-im-Restauran-Hilberkeller-3-495x400.jpg\" class=\"wp-image-195 avia-img-lazy-loading-not-195 attachment-portfolio size-portfolio wp-post-image\" alt=\"Specialita di asparagi per buongustai\" srcset=\"https:\/\/www.hilberkeller.eu\/wp-content\/uploads\/2018\/07\/hilberkeller-gerichte_Spargelgericht-im-Restauran-Hilberkeller-3-495x400.jpg 495w, https:\/\/www.hilberkeller.eu\/wp-content\/uploads\/2018\/07\/hilberkeller-gerichte_Spargelgericht-im-Restauran-Hilberkeller-3-845x684.jpg 845w\" sizes=\"(max-width: 495px) 100vw, 495px\" \/><\/a><div class=\"slide-content\"><header class=\"entry-content-header\" aria-label=\"Diapositiva: Specialita di asparagi per buongustai\"><h3 class='slide-entry-title entry-title '  itemprop=\"headline\" ><a href='https:\/\/www.hilberkeller.eu\/it\/specialita-di-asparagi-per-buongustai\/' title='Specialita di asparagi per buongustai'>Specialita di asparagi per buongustai<\/a><\/h3><span class=\"av-vertical-delimiter\"><\/span><\/header><div class=\"slide-meta\"><time class='slide-meta-time updated'  itemprop=\"datePublished\" datetime=\"2018-07-08T16:27:25+02:00\" >8 Luglio 2018<\/time><\/div><div class='slide-entry-excerpt entry-content'  itemprop=\"text\" >\u00c8 arrivato il tempo degli asparagi all'Hilberkeller. Lo chef Christian vi propone un ampio men\u00f9 di gustosi piatti agli asparagi. Siamo certi: questo \u00e8 il gusto della primavera. Venite e gustate!<div class=\"read-more-link\"><a href=\"https:\/\/www.hilberkeller.eu\/it\/specialita-di-asparagi-per-buongustai\/\" class=\"more-link\">Continua a leggere<span class='more-link-arrow avia-svg-icon avia-font-svg_entypo-fontello' data-av_svg_icon='right-open-big' data-av_iconset='svg_entypo-fontello'><svg version=\"1.1\" xmlns=\"http:\/\/www.w3.org\/2000\/svg\" width=\"15\" height=\"32\" viewBox=\"0 0 15 32\" preserveAspectRatio=\"xMidYMid meet\" role=\"graphics-symbol\" aria-hidden=\"true\">\n<path d=\"M0.416 27.84l11.456-11.84-11.456-11.904q-0.832-0.832 0-1.536 0.832-0.832 1.536 0l12.544 12.608q0.768 0.832 0 1.6l-12.544 12.608q-0.704 0.832-1.536 0-0.832-0.704 0-1.536z\"><\/path>\n<\/svg><\/span><\/a><\/div><\/div><\/div><footer class=\"entry-footer\"><\/footer><span class='hidden'>\n\t\t\t\t<span class='av-structured-data'  itemprop=\"image\" itemscope=\"itemscope\" itemtype=\"https:\/\/schema.org\/ImageObject\" >\n\t\t\t\t\t\t<span itemprop='url'>https:\/\/www.hilberkeller.eu\/wp-content\/uploads\/2018\/07\/hilberkeller-gerichte_Spargelgericht-im-Restauran-Hilberkeller-3.jpg<\/span>\n\t\t\t\t\t\t<span itemprop='height'>684<\/span>\n\t\t\t\t\t\t<span itemprop='width'>1030<\/span>\n\t\t\t\t<\/span>\n\t\t\t\t<span class='av-structured-data'  itemprop=\"publisher\" itemtype=\"https:\/\/schema.org\/Organization\" itemscope=\"itemscope\" >\n\t\t\t\t\t\t<span itemprop='name'>Anno Dominie<\/span>\n\t\t\t\t\t\t<span itemprop='logo' itemscope itemtype='https:\/\/schema.org\/ImageObject'>\n\t\t\t\t\t\t\t<span itemprop='url'>https:\/\/www.hilberkeller.eu\/wp-content\/uploads\/2018\/07\/hilberkeller_logo-home.png<\/span>\n\t\t\t\t\t\t<\/span>\n\t\t\t\t<\/span><span class='av-structured-data'  itemprop=\"author\" itemscope=\"itemscope\" itemtype=\"https:\/\/schema.org\/Person\" ><span itemprop='name'>Anno Dominie<\/span><\/span><span class='av-structured-data'  itemprop=\"datePublished\" datetime=\"2018-07-12T15:34:54+02:00\" >2018-07-08 16:27:25<\/span><span class='av-structured-data'  itemprop=\"dateModified\" itemtype=\"https:\/\/schema.org\/dateModified\" >2018-07-24 16:20:19<\/span><span class='av-structured-data'  itemprop=\"mainEntityOfPage\" itemtype=\"https:\/\/schema.org\/mainEntityOfPage\" ><span itemprop='name'>Specialita di asparagi per buongustai<\/span><\/span><\/span><\/article><\/div><\/div><\/div>\n","protected":false},"excerpt":{"rendered":"","protected":false},"author":1,"featured_media":519,"parent":0,"menu_order":0,"comment_status":"closed","ping_status":"closed","template":"","meta":{"footnotes":""},"class_list":["post-631","page","type-page","status-publish","has-post-thumbnail","hentry"],"yoast_head":"<!-- This site is optimized with the Yoast SEO plugin v27.5 - https:\/\/yoast.com\/product\/yoast-seo-wordpress\/ -->\n<title>Attualita di Caines presso Merano - Alto Adige - News &amp; Stories - Hilberkeller<\/title>\n<meta name=\"description\" content=\"Qui trovate attualita di Caines presso Merano - Alto Adige - News &amp; Stories del Ristorante Hilberkeller - Prelibatezze Stagionali - Manifestazioni ed altro\" \/>\n<meta name=\"robots\" content=\"index, follow, max-snippet:-1, max-image-preview:large, max-video-preview:-1\" \/>\n<link rel=\"canonical\" href=\"https:\/\/www.hilberkeller.eu\/it\/attualita-di-caines-presso-merano\/\" \/>\n<meta property=\"og:locale\" content=\"it_IT\" \/>\n<meta property=\"og:type\" content=\"article\" \/>\n<meta property=\"og:title\" content=\"Attualita di Caines presso Merano - Alto Adige - News &amp; Stories - Hilberkeller\" \/>\n<meta property=\"og:description\" content=\"Qui trovate attualita di Caines presso Merano - Alto Adige - News &amp; Stories del Ristorante Hilberkeller - Prelibatezze Stagionali - Manifestazioni ed altro\" \/>\n<meta property=\"og:url\" content=\"https:\/\/www.hilberkeller.eu\/it\/attualita-di-caines-presso-merano\/\" \/>\n<meta property=\"og:site_name\" content=\"Hilberkeller Caines presso Merano Alto Adige\" \/>\n<meta property=\"article:publisher\" content=\"https:\/\/www.facebook.com\/restaurant.hilberkeller\" \/>\n<meta property=\"article:modified_time\" content=\"2023-06-08T14:19:05+00:00\" \/>\n<meta property=\"og:image\" content=\"https:\/\/www.hilberkeller.eu\/wp-content\/uploads\/2018\/07\/hilberkeller_Riffianer-Waalweg.jpg\" \/>\n\t<meta property=\"og:image:width\" content=\"1030\" \/>\n\t<meta property=\"og:image:height\" content=\"687\" \/>\n\t<meta property=\"og:image:type\" content=\"image\/jpeg\" \/>\n<meta name=\"twitter:card\" content=\"summary_large_image\" \/>\n<meta name=\"twitter:label1\" content=\"Tempo di lettura stimato\" \/>\n\t<meta name=\"twitter:data1\" content=\"1 minuto\" \/>\n<script type=\"application\/ld+json\" class=\"yoast-schema-graph\">{\"@context\":\"https:\\\/\\\/schema.org\",\"@graph\":[{\"@type\":\"WebPage\",\"@id\":\"https:\\\/\\\/www.hilberkeller.eu\\\/it\\\/attualita-di-caines-presso-merano\\\/\",\"url\":\"https:\\\/\\\/www.hilberkeller.eu\\\/it\\\/attualita-di-caines-presso-merano\\\/\",\"name\":\"Attualita di Caines presso Merano - Alto Adige - News & Stories - Hilberkeller\",\"isPartOf\":{\"@id\":\"https:\\\/\\\/www.hilberkeller.eu\\\/it\\\/#website\"},\"primaryImageOfPage\":{\"@id\":\"https:\\\/\\\/www.hilberkeller.eu\\\/it\\\/attualita-di-caines-presso-merano\\\/#primaryimage\"},\"image\":{\"@id\":\"https:\\\/\\\/www.hilberkeller.eu\\\/it\\\/attualita-di-caines-presso-merano\\\/#primaryimage\"},\"thumbnailUrl\":\"https:\\\/\\\/www.hilberkeller.eu\\\/wp-content\\\/uploads\\\/2018\\\/07\\\/hilberkeller_Riffianer-Waalweg.jpg\",\"datePublished\":\"2018-07-12T13:34:54+00:00\",\"dateModified\":\"2023-06-08T14:19:05+00:00\",\"description\":\"Qui trovate attualita di Caines presso Merano - Alto Adige - News & Stories del Ristorante Hilberkeller - Prelibatezze Stagionali - Manifestazioni ed altro\",\"breadcrumb\":{\"@id\":\"https:\\\/\\\/www.hilberkeller.eu\\\/it\\\/attualita-di-caines-presso-merano\\\/#breadcrumb\"},\"inLanguage\":\"it-IT\",\"potentialAction\":[{\"@type\":\"ReadAction\",\"target\":[\"https:\\\/\\\/www.hilberkeller.eu\\\/it\\\/attualita-di-caines-presso-merano\\\/\"]}]},{\"@type\":\"ImageObject\",\"inLanguage\":\"it-IT\",\"@id\":\"https:\\\/\\\/www.hilberkeller.eu\\\/it\\\/attualita-di-caines-presso-merano\\\/#primaryimage\",\"url\":\"https:\\\/\\\/www.hilberkeller.eu\\\/wp-content\\\/uploads\\\/2018\\\/07\\\/hilberkeller_Riffianer-Waalweg.jpg\",\"contentUrl\":\"https:\\\/\\\/www.hilberkeller.eu\\\/wp-content\\\/uploads\\\/2018\\\/07\\\/hilberkeller_Riffianer-Waalweg.jpg\",\"width\":1030,\"height\":687,\"caption\":\"Attualita di Caines presso Merano\"},{\"@type\":\"BreadcrumbList\",\"@id\":\"https:\\\/\\\/www.hilberkeller.eu\\\/it\\\/attualita-di-caines-presso-merano\\\/#breadcrumb\",\"itemListElement\":[{\"@type\":\"ListItem\",\"position\":1,\"name\":\"Startseite\",\"item\":\"https:\\\/\\\/www.hilberkeller.eu\\\/it\\\/ristorante-a-caines-presso-merano-con-giardino-panoramico\\\/\"},{\"@type\":\"ListItem\",\"position\":2,\"name\":\"Attualita di Caines presso Merano\"}]},{\"@type\":\"WebSite\",\"@id\":\"https:\\\/\\\/www.hilberkeller.eu\\\/it\\\/#website\",\"url\":\"https:\\\/\\\/www.hilberkeller.eu\\\/it\\\/\",\"name\":\"Hilberkeller Caines presso Merano Alto Adige\",\"description\":\"Delizie culinarie altoatesine in un ambiente storico\",\"publisher\":{\"@id\":\"https:\\\/\\\/www.hilberkeller.eu\\\/it\\\/#organization\"},\"potentialAction\":[{\"@type\":\"SearchAction\",\"target\":{\"@type\":\"EntryPoint\",\"urlTemplate\":\"https:\\\/\\\/www.hilberkeller.eu\\\/it\\\/?s={search_term_string}\"},\"query-input\":{\"@type\":\"PropertyValueSpecification\",\"valueRequired\":true,\"valueName\":\"search_term_string\"}}],\"inLanguage\":\"it-IT\"},{\"@type\":\"Organization\",\"@id\":\"https:\\\/\\\/www.hilberkeller.eu\\\/it\\\/#organization\",\"name\":\"Hilberkeller\",\"url\":\"https:\\\/\\\/www.hilberkeller.eu\\\/it\\\/\",\"logo\":{\"@type\":\"ImageObject\",\"inLanguage\":\"it-IT\",\"@id\":\"https:\\\/\\\/www.hilberkeller.eu\\\/it\\\/#\\\/schema\\\/logo\\\/image\\\/\",\"url\":\"https:\\\/\\\/www.hilberkeller.eu\\\/wp-content\\\/uploads\\\/2018\\\/07\\\/hilberkeller_logo-home.png\",\"contentUrl\":\"https:\\\/\\\/www.hilberkeller.eu\\\/wp-content\\\/uploads\\\/2018\\\/07\\\/hilberkeller_logo-home.png\",\"width\":340,\"height\":156,\"caption\":\"Hilberkeller\"},\"image\":{\"@id\":\"https:\\\/\\\/www.hilberkeller.eu\\\/it\\\/#\\\/schema\\\/logo\\\/image\\\/\"},\"sameAs\":[\"https:\\\/\\\/www.facebook.com\\\/restaurant.hilberkeller\",\"https:\\\/\\\/www.instagram.com\\\/restaurant_hilberkeller\\\/\"]}]}<\/script>\n<!-- \/ Yoast SEO plugin. -->","yoast_head_json":{"title":"Attualita di Caines presso Merano - Alto Adige - News & Stories - Hilberkeller","description":"Qui trovate attualita di Caines presso Merano - Alto Adige - News & Stories del Ristorante Hilberkeller - Prelibatezze Stagionali - Manifestazioni ed altro","robots":{"index":"index","follow":"follow","max-snippet":"max-snippet:-1","max-image-preview":"max-image-preview:large","max-video-preview":"max-video-preview:-1"},"canonical":"https:\/\/www.hilberkeller.eu\/it\/attualita-di-caines-presso-merano\/","og_locale":"it_IT","og_type":"article","og_title":"Attualita di Caines presso Merano - Alto Adige - News & Stories - Hilberkeller","og_description":"Qui trovate attualita di Caines presso Merano - Alto Adige - News & Stories del Ristorante Hilberkeller - Prelibatezze Stagionali - Manifestazioni ed altro","og_url":"https:\/\/www.hilberkeller.eu\/it\/attualita-di-caines-presso-merano\/","og_site_name":"Hilberkeller Caines presso Merano Alto Adige","article_publisher":"https:\/\/www.facebook.com\/restaurant.hilberkeller","article_modified_time":"2023-06-08T14:19:05+00:00","og_image":[{"width":1030,"height":687,"url":"https:\/\/www.hilberkeller.eu\/wp-content\/uploads\/2018\/07\/hilberkeller_Riffianer-Waalweg.jpg","type":"image\/jpeg"}],"twitter_card":"summary_large_image","twitter_misc":{"Tempo di lettura stimato":"1 minuto"},"schema":{"@context":"https:\/\/schema.org","@graph":[{"@type":"WebPage","@id":"https:\/\/www.hilberkeller.eu\/it\/attualita-di-caines-presso-merano\/","url":"https:\/\/www.hilberkeller.eu\/it\/attualita-di-caines-presso-merano\/","name":"Attualita di Caines presso Merano - Alto Adige - News & Stories - Hilberkeller","isPartOf":{"@id":"https:\/\/www.hilberkeller.eu\/it\/#website"},"primaryImageOfPage":{"@id":"https:\/\/www.hilberkeller.eu\/it\/attualita-di-caines-presso-merano\/#primaryimage"},"image":{"@id":"https:\/\/www.hilberkeller.eu\/it\/attualita-di-caines-presso-merano\/#primaryimage"},"thumbnailUrl":"https:\/\/www.hilberkeller.eu\/wp-content\/uploads\/2018\/07\/hilberkeller_Riffianer-Waalweg.jpg","datePublished":"2018-07-12T13:34:54+00:00","dateModified":"2023-06-08T14:19:05+00:00","description":"Qui trovate attualita di Caines presso Merano - Alto Adige - News & Stories del Ristorante Hilberkeller - Prelibatezze Stagionali - Manifestazioni ed altro","breadcrumb":{"@id":"https:\/\/www.hilberkeller.eu\/it\/attualita-di-caines-presso-merano\/#breadcrumb"},"inLanguage":"it-IT","potentialAction":[{"@type":"ReadAction","target":["https:\/\/www.hilberkeller.eu\/it\/attualita-di-caines-presso-merano\/"]}]},{"@type":"ImageObject","inLanguage":"it-IT","@id":"https:\/\/www.hilberkeller.eu\/it\/attualita-di-caines-presso-merano\/#primaryimage","url":"https:\/\/www.hilberkeller.eu\/wp-content\/uploads\/2018\/07\/hilberkeller_Riffianer-Waalweg.jpg","contentUrl":"https:\/\/www.hilberkeller.eu\/wp-content\/uploads\/2018\/07\/hilberkeller_Riffianer-Waalweg.jpg","width":1030,"height":687,"caption":"Attualita di Caines presso Merano"},{"@type":"BreadcrumbList","@id":"https:\/\/www.hilberkeller.eu\/it\/attualita-di-caines-presso-merano\/#breadcrumb","itemListElement":[{"@type":"ListItem","position":1,"name":"Startseite","item":"https:\/\/www.hilberkeller.eu\/it\/ristorante-a-caines-presso-merano-con-giardino-panoramico\/"},{"@type":"ListItem","position":2,"name":"Attualita di Caines presso Merano"}]},{"@type":"WebSite","@id":"https:\/\/www.hilberkeller.eu\/it\/#website","url":"https:\/\/www.hilberkeller.eu\/it\/","name":"Hilberkeller Caines presso Merano Alto Adige","description":"Delizie culinarie altoatesine in un ambiente storico","publisher":{"@id":"https:\/\/www.hilberkeller.eu\/it\/#organization"},"potentialAction":[{"@type":"SearchAction","target":{"@type":"EntryPoint","urlTemplate":"https:\/\/www.hilberkeller.eu\/it\/?s={search_term_string}"},"query-input":{"@type":"PropertyValueSpecification","valueRequired":true,"valueName":"search_term_string"}}],"inLanguage":"it-IT"},{"@type":"Organization","@id":"https:\/\/www.hilberkeller.eu\/it\/#organization","name":"Hilberkeller","url":"https:\/\/www.hilberkeller.eu\/it\/","logo":{"@type":"ImageObject","inLanguage":"it-IT","@id":"https:\/\/www.hilberkeller.eu\/it\/#\/schema\/logo\/image\/","url":"https:\/\/www.hilberkeller.eu\/wp-content\/uploads\/2018\/07\/hilberkeller_logo-home.png","contentUrl":"https:\/\/www.hilberkeller.eu\/wp-content\/uploads\/2018\/07\/hilberkeller_logo-home.png","width":340,"height":156,"caption":"Hilberkeller"},"image":{"@id":"https:\/\/www.hilberkeller.eu\/it\/#\/schema\/logo\/image\/"},"sameAs":["https:\/\/www.facebook.com\/restaurant.hilberkeller","https:\/\/www.instagram.com\/restaurant_hilberkeller\/"]}]}},"_links":{"self":[{"href":"https:\/\/www.hilberkeller.eu\/it\/wp-json\/wp\/v2\/pages\/631","targetHints":{"allow":["GET"]}}],"collection":[{"href":"https:\/\/www.hilberkeller.eu\/it\/wp-json\/wp\/v2\/pages"}],"about":[{"href":"https:\/\/www.hilberkeller.eu\/it\/wp-json\/wp\/v2\/types\/page"}],"author":[{"embeddable":true,"href":"https:\/\/www.hilberkeller.eu\/it\/wp-json\/wp\/v2\/users\/1"}],"replies":[{"embeddable":true,"href":"https:\/\/www.hilberkeller.eu\/it\/wp-json\/wp\/v2\/comments?post=631"}],"version-history":[{"count":0,"href":"https:\/\/www.hilberkeller.eu\/it\/wp-json\/wp\/v2\/pages\/631\/revisions"}],"wp:featuredmedia":[{"embeddable":true,"href":"https:\/\/www.hilberkeller.eu\/it\/wp-json\/wp\/v2\/media\/519"}],"wp:attachment":[{"href":"https:\/\/www.hilberkeller.eu\/it\/wp-json\/wp\/v2\/media?parent=631"}],"curies":[{"name":"wp","href":"https:\/\/api.w.org\/{rel}","templated":true}]}}